{"id":1036,"date":"2025-08-18T11:05:58","date_gmt":"2025-08-18T09:05:58","guid":{"rendered":"https:\/\/herbow.eu\/product\/herbow-bambino-oblito-koncentratum-illat-es-allergenmentes\/"},"modified":"2026-03-17T10:58:10","modified_gmt":"2026-03-17T09:58:10","slug":"herbow-bambino-oblito-koncentratum-illat-es-allergenmentes","status":"publish","type":"product","link":"https:\/\/herbow.eu\/sv\/product\/herbow-bambino-oblito-koncentratum-illat-es-allergenmentes\/","title":{"rendered":"Herbow Bambino Sk\u00f6ljkoncentrat doft- och allergenfritt 200 ml"},"content":{"rendered":"<p>A Herbow Bambino Textil\u00f6bl\u00edt\u0151 Koncentr\u00e1tum Illat- \u00e9s Allerg\u00e9nmentes a term\u00e9szetes tisztas\u00e1g \u00e9s gyeng\u00e9d \u00e1pol\u00e1s t\u00f6k\u00e9letes harm\u00f3ni\u00e1j\u00e1t k\u00edn\u00e1lja az \u00e9rz\u00e9keny b\u0151r\u0171ek mindennapjaiban. 100%-ban n\u00f6v\u00e9nyi eredet\u0171 kondicion\u00e1l\u00f3 \u00e9s sz\u00f6vetl\u00e1gy\u00edt\u00f3 hat\u00f3anyagokat tartalmaz, amelyek puh\u00e1v\u00e1, l\u00e1ggy\u00e1 \u00e9s k\u00e9nyelmes tapint\u00e1s\u00fav\u00e1 teszik a text\u00edli\u00e1kat an\u00e9lk\u00fcl, hogy illatanyagokat vagy irrit\u00e1l\u00f3 \u00f6sszetev\u0151ket tartalmazn\u00e1nak. Kifejezetten az \u00e9rz\u00e9kenyb\u0151r\u0171 bab\u00e1k, kisgyermekek \u00e9s allergi\u00e1ra hajlamos feln\u0151ttek ruh\u00e1inak \u00f6bl\u00edt\u00e9s\u00e9re fejlesztett\u00e9k ki.Biol\u00f3giailag leboml\u00f3, sz\u00ednez\u00e9k-, szilikon- \u00e9s szilox\u00e1nmentes formula, amely nem hagy maradv\u00e1nyokat a text\u00edli\u00e1kon, \u00e9s gyeng\u00e9den \u00f3vja a b\u0151rt minden mos\u00e1s ut\u00e1n. M\u00e1r n\u00e9h\u00e1ny milliliter is elegend\u0151 a term\u00e9szetes puhas\u00e1ghoz, \u00edgy gazdas\u00e1gos \u00e9s k\u00f6rnyezetk\u00edm\u00e9l\u0151 megold\u00e1s.<\/p>\n<p>Haszn\u00e1lata egyszer\u0171: \u00f6nts 5 ml-t (f\u00e9l kupaknyit) a mos\u00f3g\u00e9p \u00f6bl\u00edt\u0151rekesz\u00e9be. Haszn\u00e1lat el\u0151tt felr\u00e1zand\u00f3.<\/p>\n<p>A teljes, b\u0151rbar\u00e1t mos\u00e1si \u00e9lm\u00e9ny\u00e9rt kombin\u00e1ld a Herbow Bambino Illat- \u00e9s Allerg\u00e9nmentes Foly\u00e9kony Mos\u00f3szer Koncentr\u00e1tummal.<\/p>","protected":false},"excerpt":{"rendered":"<p>A <strong>Herbow Bambino Illat- \u00e9s Allerg\u00e9nmentes textil\u00f6bl\u00edt\u0151<\/strong> k\u00edm\u00e9letes gondoskod\u00e1st ny\u00fajt a leg\u00e9rz\u00e9kenyebb b\u0151r sz\u00e1m\u00e1ra is. 100%-ban n\u00f6v\u00e9nyi eredet\u0171 \u00f6sszetev\u0151i puh\u00e1v\u00e1 \u00e9s l\u00e1gy tapint\u00e1s\u00fav\u00e1 var\u00e1zsolj\u00e1k a text\u00edli\u00e1kat illatanyagok n\u00e9lk\u00fcl.<\/p>\n<p>F\u00f6rpackningsstorlek: 200ml<\/p>","protected":false},"featured_media":901,"comment_status":"open","ping_status":"closed","template":"","meta":[],"product_brand":[1397],"product_cat":[1408],"product_tag":[1431,1527,1517,1531,1521,1529,1518,1522,1515,1516,1514,1513,1523,1524,1519,1532,1409,1512,1430,1520,1502,1530,1441,1525,1526,1445,1528],"class_list":{"0":"post-1036","1":"product","2":"type-product","3":"status-publish","4":"has-post-thumbnail","6":"product_brand-herbow","7":"product_cat-herbow-baby-bambino-termekcsalad","8":"product_tag-allergenmentes","9":"product_tag-allatkiserletmentes","10":"product_tag-erzekeny-borre","11":"product_tag-erzekeny-textiliakhoz","12":"product_tag-oko-haztartas","13":"product_tag-okocimkes-termek","14":"product_tag-ujszulott-borere","15":"product_tag-bababarat-tisztitas","16":"product_tag-babamosas","17":"product_tag-babaruhakhoz","18":"product_tag-babatermek","19":"product_tag-bambino","20":"product_tag-biztonsagos-osszetevok","21":"product_tag-borbarat-formula","22":"product_tag-dermatologiailag-tesztelt","23":"product_tag-feher-es-szines-ruhakhoz","24":"product_tag-herbow","25":"product_tag-herbow-bambino","26":"product_tag-hipoallergen","27":"product_tag-illatmentes-termek","28":"product_tag-kornyezetbarat-mosas","29":"product_tag-koncentratum","30":"product_tag-novenyi-alapu","31":"product_tag-parabenmentes","32":"product_tag-szinezekmentes","33":"product_tag-termeszetes-osszetevok","34":"product_tag-vegan","36":"first","37":"instock","38":"taxable","39":"shipping-taxable","40":"product-type-simple"},"yoast_head":"<!-- This site is optimized with the Yoast SEO plugin v27.4 - https:\/\/yoast.com\/product\/yoast-seo-wordpress\/ -->\n<title>Herbow Bambino \u00f6bl\u00edt\u0151 koncentr\u00e1tum illat- \u00e9s allerg\u00e9nmentes 200 ml - Herbow | International<\/title>\n<meta name=\"description\" content=\"A Herbow Bambino Illat- \u00e9s Allerg\u00e9nmentes textil\u00f6bl\u00edt\u0151 k\u00edm\u00e9letes gondoskod\u00e1st ny\u00fajt a leg\u00e9rz\u00e9kenyebb b\u0151r sz\u00e1m\u00e1ra is.100%-ban n\u00f6v\u00e9nyi eredet\u0171 \u00f6sszetev\u0151i puh\u00e1v\u00e1 \u00e9s l\u00e1gy tapint\u00e1s\u00fav\u00e1 var\u00e1zsolj\u00e1k a text\u00edli\u00e1kat illatanyagok n\u00e9lk\u00fcl.\" \/>\n<meta name=\"robots\" content=\"index, follow, max-snippet:-1, max-image-preview:large, max-video-preview:-1\" \/>\n<link rel=\"canonical\" href=\"https:\/\/herbow.eu\/sv\/product\/herbow-bambino-oblito-koncentratum-illat-es-allergenmentes\/\" \/>\n<meta property=\"og:locale\" content=\"sv_SE\" \/>\n<meta property=\"og:type\" content=\"article\" \/>\n<meta property=\"og:title\" content=\"Herbow Bambino \u00f6bl\u00edt\u0151 koncentr\u00e1tum illat- \u00e9s allerg\u00e9nmentes 200 ml - Herbow | International\" \/>\n<meta property=\"og:description\" content=\"A Herbow Bambino Illat- \u00e9s Allerg\u00e9nmentes textil\u00f6bl\u00edt\u0151 k\u00edm\u00e9letes gondoskod\u00e1st ny\u00fajt a leg\u00e9rz\u00e9kenyebb b\u0151r sz\u00e1m\u00e1ra is.100%-ban n\u00f6v\u00e9nyi eredet\u0171 \u00f6sszetev\u0151i puh\u00e1v\u00e1 \u00e9s l\u00e1gy tapint\u00e1s\u00fav\u00e1 var\u00e1zsolj\u00e1k a text\u00edli\u00e1kat illatanyagok n\u00e9lk\u00fcl.\" \/>\n<meta property=\"og:url\" content=\"https:\/\/herbow.eu\/sv\/product\/herbow-bambino-oblito-koncentratum-illat-es-allergenmentes\/\" \/>\n<meta property=\"og:site_name\" content=\"Herbow | International\" \/>\n<meta property=\"article:publisher\" content=\"https:\/\/www.facebook.com\/herbowmosodioslabda\/\" \/>\n<meta property=\"article:modified_time\" content=\"2026-03-17T09:58:10+00:00\" \/>\n<meta property=\"og:image\" content=\"https:\/\/herbow.eu\/wp-content\/uploads\/2025\/08\/Herbow-bambino_text-oblito_200ml_redesign_front_v2_144x110mm_illat-allergenmentes.png\" \/>\n\t<meta property=\"og:image:width\" content=\"2000\" \/>\n\t<meta property=\"og:image:height\" content=\"2000\" \/>\n\t<meta property=\"og:image:type\" content=\"image\/png\" \/>\n<meta name=\"twitter:card\" content=\"summary_large_image\" \/>\n<meta name=\"twitter:label1\" content=\"Ber\u00e4knad l\u00e4stid\" \/>\n\t<meta name=\"twitter:data1\" content=\"1 minut\" \/>\n<script type=\"application\/ld+json\" class=\"yoast-schema-graph\">{\"@context\":\"https:\\\/\\\/schema.org\",\"@graph\":[{\"@type\":\"WebPage\",\"@id\":\"https:\\\/\\\/herbow.eu\\\/product\\\/herbow-bambino-oblito-koncentratum-illat-es-allergenmentes\\\/\",\"url\":\"https:\\\/\\\/herbow.eu\\\/product\\\/herbow-bambino-oblito-koncentratum-illat-es-allergenmentes\\\/\",\"name\":\"Herbow Bambino \u00f6bl\u00edt\u0151 koncentr\u00e1tum illat- \u00e9s allerg\u00e9nmentes 200 ml - Herbow | International\",\"isPartOf\":{\"@id\":\"https:\\\/\\\/herbow.eu\\\/#website\"},\"primaryImageOfPage\":{\"@id\":\"https:\\\/\\\/herbow.eu\\\/product\\\/herbow-bambino-oblito-koncentratum-illat-es-allergenmentes\\\/#primaryimage\"},\"image\":{\"@id\":\"https:\\\/\\\/herbow.eu\\\/product\\\/herbow-bambino-oblito-koncentratum-illat-es-allergenmentes\\\/#primaryimage\"},\"thumbnailUrl\":\"https:\\\/\\\/herbow.eu\\\/wp-content\\\/uploads\\\/2025\\\/08\\\/Herbow-bambino_text-oblito_200ml_redesign_front_v2_144x110mm_illat-allergenmentes.png\",\"datePublished\":\"2025-08-18T09:05:58+00:00\",\"dateModified\":\"2026-03-17T09:58:10+00:00\",\"description\":\"A Herbow Bambino Illat- \u00e9s Allerg\u00e9nmentes textil\u00f6bl\u00edt\u0151 k\u00edm\u00e9letes gondoskod\u00e1st ny\u00fajt a leg\u00e9rz\u00e9kenyebb b\u0151r sz\u00e1m\u00e1ra is.100%-ban n\u00f6v\u00e9nyi eredet\u0171 \u00f6sszetev\u0151i puh\u00e1v\u00e1 \u00e9s l\u00e1gy tapint\u00e1s\u00fav\u00e1 var\u00e1zsolj\u00e1k a text\u00edli\u00e1kat illatanyagok n\u00e9lk\u00fcl.\",\"breadcrumb\":{\"@id\":\"https:\\\/\\\/herbow.eu\\\/product\\\/herbow-bambino-oblito-koncentratum-illat-es-allergenmentes\\\/#breadcrumb\"},\"inLanguage\":\"sv-SE\",\"potentialAction\":[{\"@type\":\"ReadAction\",\"target\":[\"https:\\\/\\\/herbow.eu\\\/product\\\/herbow-bambino-oblito-koncentratum-illat-es-allergenmentes\\\/\"]}]},{\"@type\":\"ImageObject\",\"inLanguage\":\"sv-SE\",\"@id\":\"https:\\\/\\\/herbow.eu\\\/product\\\/herbow-bambino-oblito-koncentratum-illat-es-allergenmentes\\\/#primaryimage\",\"url\":\"https:\\\/\\\/herbow.eu\\\/wp-content\\\/uploads\\\/2025\\\/08\\\/Herbow-bambino_text-oblito_200ml_redesign_front_v2_144x110mm_illat-allergenmentes.png\",\"contentUrl\":\"https:\\\/\\\/herbow.eu\\\/wp-content\\\/uploads\\\/2025\\\/08\\\/Herbow-bambino_text-oblito_200ml_redesign_front_v2_144x110mm_illat-allergenmentes.png\",\"width\":2000,\"height\":2000},{\"@type\":\"BreadcrumbList\",\"@id\":\"https:\\\/\\\/herbow.eu\\\/product\\\/herbow-bambino-oblito-koncentratum-illat-es-allergenmentes\\\/#breadcrumb\",\"itemListElement\":[{\"@type\":\"ListItem\",\"position\":1,\"name\":\"Kezd\u0151lap\",\"item\":\"https:\\\/\\\/herbow.eu\\\/\"},{\"@type\":\"ListItem\",\"position\":2,\"name\":\"Shop\",\"item\":\"https:\\\/\\\/herbow.eu\\\/shop\\\/\"},{\"@type\":\"ListItem\",\"position\":3,\"name\":\"Herbow Bambino \u00f6bl\u00edt\u0151 koncentr\u00e1tum illat- \u00e9s allerg\u00e9nmentes 200 ml\"}]},{\"@type\":\"WebSite\",\"@id\":\"https:\\\/\\\/herbow.eu\\\/#website\",\"url\":\"https:\\\/\\\/herbow.eu\\\/\",\"name\":\"Herbow | Herbal Organic World\",\"description\":\"Herbal Organic World\",\"publisher\":{\"@id\":\"https:\\\/\\\/herbow.eu\\\/#organization\"},\"potentialAction\":[{\"@type\":\"SearchAction\",\"target\":{\"@type\":\"EntryPoint\",\"urlTemplate\":\"https:\\\/\\\/herbow.eu\\\/?s={search_term_string}\"},\"query-input\":{\"@type\":\"PropertyValueSpecification\",\"valueRequired\":true,\"valueName\":\"search_term_string\"}}],\"inLanguage\":\"sv-SE\"},{\"@type\":\"Organization\",\"@id\":\"https:\\\/\\\/herbow.eu\\\/#organization\",\"name\":\"Herbow International Zrt.\",\"url\":\"https:\\\/\\\/herbow.eu\\\/\",\"logo\":{\"@type\":\"ImageObject\",\"inLanguage\":\"sv-SE\",\"@id\":\"https:\\\/\\\/herbow.eu\\\/#\\\/schema\\\/logo\\\/image\\\/\",\"url\":\"https:\\\/\\\/herbow.eu\\\/wp-content\\\/uploads\\\/2025\\\/07\\\/herbow_logo_hun_2021-01_w-slogan_no-background.png\",\"contentUrl\":\"https:\\\/\\\/herbow.eu\\\/wp-content\\\/uploads\\\/2025\\\/07\\\/herbow_logo_hun_2021-01_w-slogan_no-background.png\",\"width\":2366,\"height\":1732,\"caption\":\"Herbow International Zrt.\"},\"image\":{\"@id\":\"https:\\\/\\\/herbow.eu\\\/#\\\/schema\\\/logo\\\/image\\\/\"},\"sameAs\":[\"https:\\\/\\\/www.facebook.com\\\/herbowmosodioslabda\\\/\",\"https:\\\/\\\/www.instagram.com\\\/herbowmosodioslabda\\\/\"]}]}<\/script>\n<!-- \/ Yoast SEO plugin. -->","yoast_head_json":{"title":"Herbow Bambino \u00f6bl\u00edt\u0151 koncentr\u00e1tum illat- \u00e9s allerg\u00e9nmentes 200 ml - Herbow | International","description":"A Herbow Bambino Illat- \u00e9s Allerg\u00e9nmentes textil\u00f6bl\u00edt\u0151 k\u00edm\u00e9letes gondoskod\u00e1st ny\u00fajt a leg\u00e9rz\u00e9kenyebb b\u0151r sz\u00e1m\u00e1ra is.100%-ban n\u00f6v\u00e9nyi eredet\u0171 \u00f6sszetev\u0151i puh\u00e1v\u00e1 \u00e9s l\u00e1gy tapint\u00e1s\u00fav\u00e1 var\u00e1zsolj\u00e1k a text\u00edli\u00e1kat illatanyagok n\u00e9lk\u00fcl.","robots":{"index":"index","follow":"follow","max-snippet":"max-snippet:-1","max-image-preview":"max-image-preview:large","max-video-preview":"max-video-preview:-1"},"canonical":"https:\/\/herbow.eu\/sv\/product\/herbow-bambino-oblito-koncentratum-illat-es-allergenmentes\/","og_locale":"sv_SE","og_type":"article","og_title":"Herbow Bambino \u00f6bl\u00edt\u0151 koncentr\u00e1tum illat- \u00e9s allerg\u00e9nmentes 200 ml - Herbow | International","og_description":"A Herbow Bambino Illat- \u00e9s Allerg\u00e9nmentes textil\u00f6bl\u00edt\u0151 k\u00edm\u00e9letes gondoskod\u00e1st ny\u00fajt a leg\u00e9rz\u00e9kenyebb b\u0151r sz\u00e1m\u00e1ra is.100%-ban n\u00f6v\u00e9nyi eredet\u0171 \u00f6sszetev\u0151i puh\u00e1v\u00e1 \u00e9s l\u00e1gy tapint\u00e1s\u00fav\u00e1 var\u00e1zsolj\u00e1k a text\u00edli\u00e1kat illatanyagok n\u00e9lk\u00fcl.","og_url":"https:\/\/herbow.eu\/sv\/product\/herbow-bambino-oblito-koncentratum-illat-es-allergenmentes\/","og_site_name":"Herbow | International","article_publisher":"https:\/\/www.facebook.com\/herbowmosodioslabda\/","article_modified_time":"2026-03-17T09:58:10+00:00","og_image":[{"width":2000,"height":2000,"url":"https:\/\/herbow.eu\/wp-content\/uploads\/2025\/08\/Herbow-bambino_text-oblito_200ml_redesign_front_v2_144x110mm_illat-allergenmentes.png","type":"image\/png"}],"twitter_card":"summary_large_image","twitter_misc":{"Ber\u00e4knad l\u00e4stid":"1 minut"},"schema":{"@context":"https:\/\/schema.org","@graph":[{"@type":"WebPage","@id":"https:\/\/herbow.eu\/product\/herbow-bambino-oblito-koncentratum-illat-es-allergenmentes\/","url":"https:\/\/herbow.eu\/product\/herbow-bambino-oblito-koncentratum-illat-es-allergenmentes\/","name":"Herbow Bambino \u00f6bl\u00edt\u0151 koncentr\u00e1tum illat- \u00e9s allerg\u00e9nmentes 200 ml - Herbow | International","isPartOf":{"@id":"https:\/\/herbow.eu\/#website"},"primaryImageOfPage":{"@id":"https:\/\/herbow.eu\/product\/herbow-bambino-oblito-koncentratum-illat-es-allergenmentes\/#primaryimage"},"image":{"@id":"https:\/\/herbow.eu\/product\/herbow-bambino-oblito-koncentratum-illat-es-allergenmentes\/#primaryimage"},"thumbnailUrl":"https:\/\/herbow.eu\/wp-content\/uploads\/2025\/08\/Herbow-bambino_text-oblito_200ml_redesign_front_v2_144x110mm_illat-allergenmentes.png","datePublished":"2025-08-18T09:05:58+00:00","dateModified":"2026-03-17T09:58:10+00:00","description":"A Herbow Bambino Illat- \u00e9s Allerg\u00e9nmentes textil\u00f6bl\u00edt\u0151 k\u00edm\u00e9letes gondoskod\u00e1st ny\u00fajt a leg\u00e9rz\u00e9kenyebb b\u0151r sz\u00e1m\u00e1ra is.100%-ban n\u00f6v\u00e9nyi eredet\u0171 \u00f6sszetev\u0151i puh\u00e1v\u00e1 \u00e9s l\u00e1gy tapint\u00e1s\u00fav\u00e1 var\u00e1zsolj\u00e1k a text\u00edli\u00e1kat illatanyagok n\u00e9lk\u00fcl.","breadcrumb":{"@id":"https:\/\/herbow.eu\/product\/herbow-bambino-oblito-koncentratum-illat-es-allergenmentes\/#breadcrumb"},"inLanguage":"sv-SE","potentialAction":[{"@type":"ReadAction","target":["https:\/\/herbow.eu\/product\/herbow-bambino-oblito-koncentratum-illat-es-allergenmentes\/"]}]},{"@type":"ImageObject","inLanguage":"sv-SE","@id":"https:\/\/herbow.eu\/product\/herbow-bambino-oblito-koncentratum-illat-es-allergenmentes\/#primaryimage","url":"https:\/\/herbow.eu\/wp-content\/uploads\/2025\/08\/Herbow-bambino_text-oblito_200ml_redesign_front_v2_144x110mm_illat-allergenmentes.png","contentUrl":"https:\/\/herbow.eu\/wp-content\/uploads\/2025\/08\/Herbow-bambino_text-oblito_200ml_redesign_front_v2_144x110mm_illat-allergenmentes.png","width":2000,"height":2000},{"@type":"BreadcrumbList","@id":"https:\/\/herbow.eu\/product\/herbow-bambino-oblito-koncentratum-illat-es-allergenmentes\/#breadcrumb","itemListElement":[{"@type":"ListItem","position":1,"name":"Kezd\u0151lap","item":"https:\/\/herbow.eu\/"},{"@type":"ListItem","position":2,"name":"Shop","item":"https:\/\/herbow.eu\/shop\/"},{"@type":"ListItem","position":3,"name":"Herbow Bambino \u00f6bl\u00edt\u0151 koncentr\u00e1tum illat- \u00e9s allerg\u00e9nmentes 200 ml"}]},{"@type":"WebSite","@id":"https:\/\/herbow.eu\/#website","url":"https:\/\/herbow.eu\/","name":"Herbow | Herbal Organic World","description":"Herbal Organic World","publisher":{"@id":"https:\/\/herbow.eu\/#organization"},"potentialAction":[{"@type":"SearchAction","target":{"@type":"EntryPoint","urlTemplate":"https:\/\/herbow.eu\/?s={search_term_string}"},"query-input":{"@type":"PropertyValueSpecification","valueRequired":true,"valueName":"search_term_string"}}],"inLanguage":"sv-SE"},{"@type":"Organization","@id":"https:\/\/herbow.eu\/#organization","name":"Herbow International Zrt.","url":"https:\/\/herbow.eu\/","logo":{"@type":"ImageObject","inLanguage":"sv-SE","@id":"https:\/\/herbow.eu\/#\/schema\/logo\/image\/","url":"https:\/\/herbow.eu\/wp-content\/uploads\/2025\/07\/herbow_logo_hun_2021-01_w-slogan_no-background.png","contentUrl":"https:\/\/herbow.eu\/wp-content\/uploads\/2025\/07\/herbow_logo_hun_2021-01_w-slogan_no-background.png","width":2366,"height":1732,"caption":"Herbow International Zrt."},"image":{"@id":"https:\/\/herbow.eu\/#\/schema\/logo\/image\/"},"sameAs":["https:\/\/www.facebook.com\/herbowmosodioslabda\/","https:\/\/www.instagram.com\/herbowmosodioslabda\/"]}]}},"jetpack_likes_enabled":true,"jetpack_sharing_enabled":true,"_links":{"self":[{"href":"https:\/\/herbow.eu\/sv\/wp-json\/wp\/v2\/product\/1036","targetHints":{"allow":["GET"]}}],"collection":[{"href":"https:\/\/herbow.eu\/sv\/wp-json\/wp\/v2\/product"}],"about":[{"href":"https:\/\/herbow.eu\/sv\/wp-json\/wp\/v2\/types\/product"}],"replies":[{"embeddable":true,"href":"https:\/\/herbow.eu\/sv\/wp-json\/wp\/v2\/comments?post=1036"}],"wp:featuredmedia":[{"embeddable":true,"href":"https:\/\/herbow.eu\/sv\/wp-json\/wp\/v2\/media\/901"}],"wp:attachment":[{"href":"https:\/\/herbow.eu\/sv\/wp-json\/wp\/v2\/media?parent=1036"}],"wp:term":[{"taxonomy":"product_brand","embeddable":true,"href":"https:\/\/herbow.eu\/sv\/wp-json\/wp\/v2\/product_brand?post=1036"},{"taxonomy":"product_cat","embeddable":true,"href":"https:\/\/herbow.eu\/sv\/wp-json\/wp\/v2\/product_cat?post=1036"},{"taxonomy":"product_tag","embeddable":true,"href":"https:\/\/herbow.eu\/sv\/wp-json\/wp\/v2\/product_tag?post=1036"}],"curies":[{"name":"wp","href":"https:\/\/api.w.org\/{rel}","templated":true}]}}