{"id":1036,"date":"2025-08-18T11:05:58","date_gmt":"2025-08-18T09:05:58","guid":{"rendered":"https:\/\/herbow.eu\/product\/herbow-bambino-oblito-koncentratum-illat-es-allergenmentes\/"},"modified":"2026-03-17T10:58:10","modified_gmt":"2026-03-17T09:58:10","slug":"herbow-bambino-oblito-concentratum-fara-parfum-si-alergeni","status":"publish","type":"product","link":"https:\/\/herbow.eu\/ro\/product\/herbow-bambino-oblito-koncentratum-illat-es-allergenmentes\/","title":{"rendered":"Herbow Bambino Cl\u0103tire concentrat\u0103 f\u0103r\u0103 parfum \u0219i alergeni 200 ml"},"content":{"rendered":"<p>Herbow Bambino Fabric Rinse Concentrate Fragrance- and Allergen-Free ofer\u0103 armonia perfect\u0103 de cur\u0103\u021benie natural\u0103 \u0219i \u00eengrijire delicat\u0103 pentru rutina zilnic\u0103 a celor cu piele sensibil\u0103. 100% con\u021bine ingrediente de condi\u021bionare \u0219i de \u00eenmuiere a \u021bes\u0103turilor derivate din plante care las\u0103 \u021bes\u0103turile moi, suple \u0219i confortabile la atingere, f\u0103r\u0103 parfum sau ingrediente iritante. Formulat special pentru cl\u0103tirea hainelor bebelu\u0219ilor, copiilor mici \u0219i adul\u021bilor cu piele sensibil\u0103 predispu\u0219i la alergii. formul\u0103 biodegradabil\u0103, f\u0103r\u0103 coloran\u021bi, silicon \u0219i siloxan, care nu las\u0103 reziduuri pe \u021bes\u0103turi \u0219i protejeaz\u0103 delicat pielea dup\u0103 fiecare sp\u0103lare. Doar c\u00e2\u021biva mililitri sunt suficien\u021bi pentru o moliciune natural\u0103, ceea ce o face o solu\u021bie economic\u0103 \u0219i ecologic\u0103.<\/p>\n<p>Este u\u0219or de utilizat: turna\u021bi 5 ml (o jum\u0103tate de capac) \u00een compartimentul de cl\u0103tire al ma\u0219inii de sp\u0103lat. Agita\u021bi \u00eenainte de utilizare.<\/p>\n<p>Pentru o experien\u021b\u0103 de sp\u0103lare complet\u0103, prietenoas\u0103 cu pielea, combina\u021bi-l cu detergentul lichid concentrat pentru rufe Herbow Bambino f\u0103r\u0103 parfum \u0219i alergeni.<\/p>","protected":false},"excerpt":{"rendered":"<p>A <strong>Herbow Bambino cl\u0103tire pentru \u021bes\u0103turi f\u0103r\u0103 miros \u0219i alergeni<\/strong> ofer\u0103 \u00eengrijire delicat\u0103 chiar \u0219i pentru cea mai sensibil\u0103 piele.Ingredientele pe baz\u0103 de plante din 100% fac \u021bes\u0103turile moi \u0219i netede la atingere, f\u0103r\u0103 parfum.<\/p>\n<p>Dimensiunea pachetului: 200ml<\/p>","protected":false},"featured_media":901,"comment_status":"open","ping_status":"closed","template":"","meta":[],"product_brand":[1397],"product_cat":[1408],"product_tag":[1431,1527,1517,1531,1521,1529,1518,1522,1515,1516,1514,1513,1523,1524,1519,1532,1409,1512,1430,1520,1502,1530,1441,1525,1526,1445,1528],"class_list":{"0":"post-1036","1":"product","2":"type-product","3":"status-publish","4":"has-post-thumbnail","6":"product_brand-herbow","7":"product_cat-herbow-baby-bambino-termekcsalad","8":"product_tag-allergenmentes","9":"product_tag-allatkiserletmentes","10":"product_tag-erzekeny-borre","11":"product_tag-erzekeny-textiliakhoz","12":"product_tag-oko-haztartas","13":"product_tag-okocimkes-termek","14":"product_tag-ujszulott-borere","15":"product_tag-bababarat-tisztitas","16":"product_tag-babamosas","17":"product_tag-babaruhakhoz","18":"product_tag-babatermek","19":"product_tag-bambino","20":"product_tag-biztonsagos-osszetevok","21":"product_tag-borbarat-formula","22":"product_tag-dermatologiailag-tesztelt","23":"product_tag-feher-es-szines-ruhakhoz","24":"product_tag-herbow","25":"product_tag-herbow-bambino","26":"product_tag-hipoallergen","27":"product_tag-illatmentes-termek","28":"product_tag-kornyezetbarat-mosas","29":"product_tag-koncentratum","30":"product_tag-novenyi-alapu","31":"product_tag-parabenmentes","32":"product_tag-szinezekmentes","33":"product_tag-termeszetes-osszetevok","34":"product_tag-vegan","36":"first","37":"instock","38":"taxable","39":"shipping-taxable","40":"product-type-simple"},"yoast_head":"<!-- This site is optimized with the Yoast SEO plugin v27.5 - https:\/\/yoast.com\/product\/yoast-seo-wordpress\/ -->\n<title>Herbow Bambino \u00f6bl\u00edt\u0151 koncentr\u00e1tum illat- \u00e9s allerg\u00e9nmentes 200 ml - Herbow | International<\/title>\n<meta name=\"description\" content=\"A Herbow Bambino Illat- \u00e9s Allerg\u00e9nmentes textil\u00f6bl\u00edt\u0151 k\u00edm\u00e9letes gondoskod\u00e1st ny\u00fajt a leg\u00e9rz\u00e9kenyebb b\u0151r sz\u00e1m\u00e1ra is.100%-ban n\u00f6v\u00e9nyi eredet\u0171 \u00f6sszetev\u0151i puh\u00e1v\u00e1 \u00e9s l\u00e1gy tapint\u00e1s\u00fav\u00e1 var\u00e1zsolj\u00e1k a text\u00edli\u00e1kat illatanyagok n\u00e9lk\u00fcl.\" \/>\n<meta name=\"robots\" content=\"index, follow, max-snippet:-1, max-image-preview:large, max-video-preview:-1\" \/>\n<link rel=\"canonical\" href=\"https:\/\/herbow.eu\/ro\/product\/herbow-bambino-oblito-concentratum-fara-parfum-si-alergeni\/\" \/>\n<meta property=\"og:locale\" content=\"ro_RO\" \/>\n<meta property=\"og:type\" content=\"article\" \/>\n<meta property=\"og:title\" content=\"Herbow Bambino \u00f6bl\u00edt\u0151 koncentr\u00e1tum illat- \u00e9s allerg\u00e9nmentes 200 ml - Herbow | International\" \/>\n<meta property=\"og:description\" content=\"A Herbow Bambino Illat- \u00e9s Allerg\u00e9nmentes textil\u00f6bl\u00edt\u0151 k\u00edm\u00e9letes gondoskod\u00e1st ny\u00fajt a leg\u00e9rz\u00e9kenyebb b\u0151r sz\u00e1m\u00e1ra is.100%-ban n\u00f6v\u00e9nyi eredet\u0171 \u00f6sszetev\u0151i puh\u00e1v\u00e1 \u00e9s l\u00e1gy tapint\u00e1s\u00fav\u00e1 var\u00e1zsolj\u00e1k a text\u00edli\u00e1kat illatanyagok n\u00e9lk\u00fcl.\" \/>\n<meta property=\"og:url\" content=\"https:\/\/herbow.eu\/ro\/product\/herbow-bambino-oblito-concentratum-fara-parfum-si-alergeni\/\" \/>\n<meta property=\"og:site_name\" content=\"Herbow | International\" \/>\n<meta property=\"article:publisher\" content=\"https:\/\/www.facebook.com\/herbowmosodioslabda\/\" \/>\n<meta property=\"article:modified_time\" content=\"2026-03-17T09:58:10+00:00\" \/>\n<meta property=\"og:image\" content=\"https:\/\/herbow.eu\/wp-content\/uploads\/2025\/08\/Herbow-bambino_text-oblito_200ml_redesign_front_v2_144x110mm_illat-allergenmentes.png\" \/>\n\t<meta property=\"og:image:width\" content=\"2000\" \/>\n\t<meta property=\"og:image:height\" content=\"2000\" \/>\n\t<meta property=\"og:image:type\" content=\"image\/png\" \/>\n<meta name=\"twitter:card\" content=\"summary_large_image\" \/>\n<meta name=\"twitter:label1\" content=\"Timp estimat pentru citire\" \/>\n\t<meta name=\"twitter:data1\" content=\"1 minut\" \/>\n<script type=\"application\/ld+json\" class=\"yoast-schema-graph\">{\"@context\":\"https:\\\/\\\/schema.org\",\"@graph\":[{\"@type\":\"WebPage\",\"@id\":\"https:\\\/\\\/herbow.eu\\\/product\\\/herbow-bambino-oblito-koncentratum-illat-es-allergenmentes\\\/\",\"url\":\"https:\\\/\\\/herbow.eu\\\/product\\\/herbow-bambino-oblito-koncentratum-illat-es-allergenmentes\\\/\",\"name\":\"Herbow Bambino \u00f6bl\u00edt\u0151 koncentr\u00e1tum illat- \u00e9s allerg\u00e9nmentes 200 ml - Herbow | International\",\"isPartOf\":{\"@id\":\"https:\\\/\\\/herbow.eu\\\/#website\"},\"primaryImageOfPage\":{\"@id\":\"https:\\\/\\\/herbow.eu\\\/product\\\/herbow-bambino-oblito-koncentratum-illat-es-allergenmentes\\\/#primaryimage\"},\"image\":{\"@id\":\"https:\\\/\\\/herbow.eu\\\/product\\\/herbow-bambino-oblito-koncentratum-illat-es-allergenmentes\\\/#primaryimage\"},\"thumbnailUrl\":\"https:\\\/\\\/herbow.eu\\\/wp-content\\\/uploads\\\/2025\\\/08\\\/Herbow-bambino_text-oblito_200ml_redesign_front_v2_144x110mm_illat-allergenmentes.png\",\"datePublished\":\"2025-08-18T09:05:58+00:00\",\"dateModified\":\"2026-03-17T09:58:10+00:00\",\"description\":\"A Herbow Bambino Illat- \u00e9s Allerg\u00e9nmentes textil\u00f6bl\u00edt\u0151 k\u00edm\u00e9letes gondoskod\u00e1st ny\u00fajt a leg\u00e9rz\u00e9kenyebb b\u0151r sz\u00e1m\u00e1ra is.100%-ban n\u00f6v\u00e9nyi eredet\u0171 \u00f6sszetev\u0151i puh\u00e1v\u00e1 \u00e9s l\u00e1gy tapint\u00e1s\u00fav\u00e1 var\u00e1zsolj\u00e1k a text\u00edli\u00e1kat illatanyagok n\u00e9lk\u00fcl.\",\"breadcrumb\":{\"@id\":\"https:\\\/\\\/herbow.eu\\\/product\\\/herbow-bambino-oblito-koncentratum-illat-es-allergenmentes\\\/#breadcrumb\"},\"inLanguage\":\"ro-RO\",\"potentialAction\":[{\"@type\":\"ReadAction\",\"target\":[\"https:\\\/\\\/herbow.eu\\\/product\\\/herbow-bambino-oblito-koncentratum-illat-es-allergenmentes\\\/\"]}]},{\"@type\":\"ImageObject\",\"inLanguage\":\"ro-RO\",\"@id\":\"https:\\\/\\\/herbow.eu\\\/product\\\/herbow-bambino-oblito-koncentratum-illat-es-allergenmentes\\\/#primaryimage\",\"url\":\"https:\\\/\\\/herbow.eu\\\/wp-content\\\/uploads\\\/2025\\\/08\\\/Herbow-bambino_text-oblito_200ml_redesign_front_v2_144x110mm_illat-allergenmentes.png\",\"contentUrl\":\"https:\\\/\\\/herbow.eu\\\/wp-content\\\/uploads\\\/2025\\\/08\\\/Herbow-bambino_text-oblito_200ml_redesign_front_v2_144x110mm_illat-allergenmentes.png\",\"width\":2000,\"height\":2000},{\"@type\":\"BreadcrumbList\",\"@id\":\"https:\\\/\\\/herbow.eu\\\/product\\\/herbow-bambino-oblito-koncentratum-illat-es-allergenmentes\\\/#breadcrumb\",\"itemListElement\":[{\"@type\":\"ListItem\",\"position\":1,\"name\":\"Kezd\u0151lap\",\"item\":\"https:\\\/\\\/herbow.eu\\\/\"},{\"@type\":\"ListItem\",\"position\":2,\"name\":\"Shop\",\"item\":\"https:\\\/\\\/herbow.eu\\\/shop\\\/\"},{\"@type\":\"ListItem\",\"position\":3,\"name\":\"Herbow Bambino \u00f6bl\u00edt\u0151 koncentr\u00e1tum illat- \u00e9s allerg\u00e9nmentes 200 ml\"}]},{\"@type\":\"WebSite\",\"@id\":\"https:\\\/\\\/herbow.eu\\\/#website\",\"url\":\"https:\\\/\\\/herbow.eu\\\/\",\"name\":\"Herbow | Herbal Organic World\",\"description\":\"Herbal Organic World\",\"publisher\":{\"@id\":\"https:\\\/\\\/herbow.eu\\\/#organization\"},\"potentialAction\":[{\"@type\":\"SearchAction\",\"target\":{\"@type\":\"EntryPoint\",\"urlTemplate\":\"https:\\\/\\\/herbow.eu\\\/?s={search_term_string}\"},\"query-input\":{\"@type\":\"PropertyValueSpecification\",\"valueRequired\":true,\"valueName\":\"search_term_string\"}}],\"inLanguage\":\"ro-RO\"},{\"@type\":\"Organization\",\"@id\":\"https:\\\/\\\/herbow.eu\\\/#organization\",\"name\":\"Herbow International Zrt.\",\"url\":\"https:\\\/\\\/herbow.eu\\\/\",\"logo\":{\"@type\":\"ImageObject\",\"inLanguage\":\"ro-RO\",\"@id\":\"https:\\\/\\\/herbow.eu\\\/#\\\/schema\\\/logo\\\/image\\\/\",\"url\":\"https:\\\/\\\/herbow.eu\\\/wp-content\\\/uploads\\\/2025\\\/07\\\/herbow_logo_hun_2021-01_w-slogan_no-background.png\",\"contentUrl\":\"https:\\\/\\\/herbow.eu\\\/wp-content\\\/uploads\\\/2025\\\/07\\\/herbow_logo_hun_2021-01_w-slogan_no-background.png\",\"width\":2366,\"height\":1732,\"caption\":\"Herbow International Zrt.\"},\"image\":{\"@id\":\"https:\\\/\\\/herbow.eu\\\/#\\\/schema\\\/logo\\\/image\\\/\"},\"sameAs\":[\"https:\\\/\\\/www.facebook.com\\\/herbowmosodioslabda\\\/\",\"https:\\\/\\\/www.instagram.com\\\/herbowmosodioslabda\\\/\"]}]}<\/script>\n<!-- \/ Yoast SEO plugin. -->","yoast_head_json":{"title":"Herbow Bambino Cl\u0103tire concentrat\u0103 f\u0103r\u0103 parfum \u0219i alergeni 200 ml - Herbow | International","description":"Produsul de cl\u0103tire a \u021bes\u0103turilor Herbow Bambino f\u0103r\u0103 parfum \u0219i alergeni ofer\u0103 \u00eengrijire delicat\u0103 chiar \u0219i pentru cea mai sensibil\u0103 piele.Ingredientele pe baz\u0103 de plante 100% fac textilele moi \u0219i netede la atingere f\u0103r\u0103 parfum.","robots":{"index":"index","follow":"follow","max-snippet":"max-snippet:-1","max-image-preview":"max-image-preview:large","max-video-preview":"max-video-preview:-1"},"canonical":"https:\/\/herbow.eu\/ro\/product\/herbow-bambino-oblito-concentratum-fara-parfum-si-alergeni\/","og_locale":"ro_RO","og_type":"article","og_title":"Herbow Bambino \u00f6bl\u00edt\u0151 koncentr\u00e1tum illat- \u00e9s allerg\u00e9nmentes 200 ml - Herbow | International","og_description":"A Herbow Bambino Illat- \u00e9s Allerg\u00e9nmentes textil\u00f6bl\u00edt\u0151 k\u00edm\u00e9letes gondoskod\u00e1st ny\u00fajt a leg\u00e9rz\u00e9kenyebb b\u0151r sz\u00e1m\u00e1ra is.100%-ban n\u00f6v\u00e9nyi eredet\u0171 \u00f6sszetev\u0151i puh\u00e1v\u00e1 \u00e9s l\u00e1gy tapint\u00e1s\u00fav\u00e1 var\u00e1zsolj\u00e1k a text\u00edli\u00e1kat illatanyagok n\u00e9lk\u00fcl.","og_url":"https:\/\/herbow.eu\/ro\/product\/herbow-bambino-oblito-concentratum-fara-parfum-si-alergeni\/","og_site_name":"Herbow | International","article_publisher":"https:\/\/www.facebook.com\/herbowmosodioslabda\/","article_modified_time":"2026-03-17T09:58:10+00:00","og_image":[{"width":2000,"height":2000,"url":"https:\/\/herbow.eu\/wp-content\/uploads\/2025\/08\/Herbow-bambino_text-oblito_200ml_redesign_front_v2_144x110mm_illat-allergenmentes.png","type":"image\/png"}],"twitter_card":"summary_large_image","twitter_misc":{"Timp estimat pentru citire":"1 minut"},"schema":{"@context":"https:\/\/schema.org","@graph":[{"@type":"WebPage","@id":"https:\/\/herbow.eu\/product\/herbow-bambino-oblito-koncentratum-illat-es-allergenmentes\/","url":"https:\/\/herbow.eu\/product\/herbow-bambino-oblito-koncentratum-illat-es-allergenmentes\/","name":"Herbow Bambino Cl\u0103tire concentrat\u0103 f\u0103r\u0103 parfum \u0219i alergeni 200 ml - Herbow | International","isPartOf":{"@id":"https:\/\/herbow.eu\/#website"},"primaryImageOfPage":{"@id":"https:\/\/herbow.eu\/product\/herbow-bambino-oblito-koncentratum-illat-es-allergenmentes\/#primaryimage"},"image":{"@id":"https:\/\/herbow.eu\/product\/herbow-bambino-oblito-koncentratum-illat-es-allergenmentes\/#primaryimage"},"thumbnailUrl":"https:\/\/herbow.eu\/wp-content\/uploads\/2025\/08\/Herbow-bambino_text-oblito_200ml_redesign_front_v2_144x110mm_illat-allergenmentes.png","datePublished":"2025-08-18T09:05:58+00:00","dateModified":"2026-03-17T09:58:10+00:00","description":"Produsul de cl\u0103tire a \u021bes\u0103turilor Herbow Bambino f\u0103r\u0103 parfum \u0219i alergeni ofer\u0103 \u00eengrijire delicat\u0103 chiar \u0219i pentru cea mai sensibil\u0103 piele.Ingredientele pe baz\u0103 de plante 100% fac textilele moi \u0219i netede la atingere f\u0103r\u0103 parfum.","breadcrumb":{"@id":"https:\/\/herbow.eu\/product\/herbow-bambino-oblito-koncentratum-illat-es-allergenmentes\/#breadcrumb"},"inLanguage":"ro-RO","potentialAction":[{"@type":"ReadAction","target":["https:\/\/herbow.eu\/product\/herbow-bambino-oblito-koncentratum-illat-es-allergenmentes\/"]}]},{"@type":"ImageObject","inLanguage":"ro-RO","@id":"https:\/\/herbow.eu\/product\/herbow-bambino-oblito-koncentratum-illat-es-allergenmentes\/#primaryimage","url":"https:\/\/herbow.eu\/wp-content\/uploads\/2025\/08\/Herbow-bambino_text-oblito_200ml_redesign_front_v2_144x110mm_illat-allergenmentes.png","contentUrl":"https:\/\/herbow.eu\/wp-content\/uploads\/2025\/08\/Herbow-bambino_text-oblito_200ml_redesign_front_v2_144x110mm_illat-allergenmentes.png","width":2000,"height":2000},{"@type":"BreadcrumbList","@id":"https:\/\/herbow.eu\/product\/herbow-bambino-oblito-koncentratum-illat-es-allergenmentes\/#breadcrumb","itemListElement":[{"@type":"ListItem","position":1,"name":"Kezd\u0151lap","item":"https:\/\/herbow.eu\/"},{"@type":"ListItem","position":2,"name":"Shop","item":"https:\/\/herbow.eu\/shop\/"},{"@type":"ListItem","position":3,"name":"Herbow Bambino \u00f6bl\u00edt\u0151 koncentr\u00e1tum illat- \u00e9s allerg\u00e9nmentes 200 ml"}]},{"@type":"WebSite","@id":"https:\/\/herbow.eu\/#website","url":"https:\/\/herbow.eu\/","name":"Herbow | Lumea organic\u0103 pe baz\u0103 de plante","description":"Lumea organic\u0103 pe baz\u0103 de plante","publisher":{"@id":"https:\/\/herbow.eu\/#organization"},"potentialAction":[{"@type":"SearchAction","target":{"@type":"EntryPoint","urlTemplate":"https:\/\/herbow.eu\/?s={search_term_string}"},"query-input":{"@type":"PropertyValueSpecification","valueRequired":true,"valueName":"search_term_string"}}],"inLanguage":"ro-RO"},{"@type":"Organization","@id":"https:\/\/herbow.eu\/#organization","name":"Herbow International Zrt.","url":"https:\/\/herbow.eu\/","logo":{"@type":"ImageObject","inLanguage":"ro-RO","@id":"https:\/\/herbow.eu\/#\/schema\/logo\/image\/","url":"https:\/\/herbow.eu\/wp-content\/uploads\/2025\/07\/herbow_logo_hun_2021-01_w-slogan_no-background.png","contentUrl":"https:\/\/herbow.eu\/wp-content\/uploads\/2025\/07\/herbow_logo_hun_2021-01_w-slogan_no-background.png","width":2366,"height":1732,"caption":"Herbow International Zrt."},"image":{"@id":"https:\/\/herbow.eu\/#\/schema\/logo\/image\/"},"sameAs":["https:\/\/www.facebook.com\/herbowmosodioslabda\/","https:\/\/www.instagram.com\/herbowmosodioslabda\/"]}]}},"jetpack_likes_enabled":true,"jetpack_sharing_enabled":true,"_links":{"self":[{"href":"https:\/\/herbow.eu\/ro\/wp-json\/wp\/v2\/product\/1036","targetHints":{"allow":["GET"]}}],"collection":[{"href":"https:\/\/herbow.eu\/ro\/wp-json\/wp\/v2\/product"}],"about":[{"href":"https:\/\/herbow.eu\/ro\/wp-json\/wp\/v2\/types\/product"}],"replies":[{"embeddable":true,"href":"https:\/\/herbow.eu\/ro\/wp-json\/wp\/v2\/comments?post=1036"}],"wp:featuredmedia":[{"embeddable":true,"href":"https:\/\/herbow.eu\/ro\/wp-json\/wp\/v2\/media\/901"}],"wp:attachment":[{"href":"https:\/\/herbow.eu\/ro\/wp-json\/wp\/v2\/media?parent=1036"}],"wp:term":[{"taxonomy":"product_brand","embeddable":true,"href":"https:\/\/herbow.eu\/ro\/wp-json\/wp\/v2\/product_brand?post=1036"},{"taxonomy":"product_cat","embeddable":true,"href":"https:\/\/herbow.eu\/ro\/wp-json\/wp\/v2\/product_cat?post=1036"},{"taxonomy":"product_tag","embeddable":true,"href":"https:\/\/herbow.eu\/ro\/wp-json\/wp\/v2\/product_tag?post=1036"}],"curies":[{"name":"wp","href":"https:\/\/api.w.org\/{rel}","templated":true}]}}