{"id":1035,"date":"2025-08-18T11:05:58","date_gmt":"2025-08-18T09:05:58","guid":{"rendered":"https:\/\/herbow.eu\/product\/herbow-bambino-2in1-mosoparfum-oblito-koncentratum-gyumolcsos-kert\/"},"modified":"2026-03-17T10:58:09","modified_gmt":"2026-03-17T09:58:09","slug":"herbow-bambino-2in1-mosoparfum-oblito-koncentratum-gyumolcsos-kert","status":"publish","type":"product","link":"https:\/\/herbow.eu\/ro\/product\/herbow-bambino-2in1-mosoparfum-oblito-koncentratum-gyumolcsos-kert\/","title":{"rendered":"Herbow Bambino 2in1 Sp\u0103lare Parfum Cl\u0103tire Concentrat Fruity Garden 200 ml"},"content":{"rendered":"<p>A Herbow Bambino 2in1 Mos\u00f3parf\u00fcm\u2013\u00d6bl\u00edt\u0151 koncentr\u00e1tum Gy\u00fcm\u00f6lcs\u00f6s kert illattal \u00f6tv\u00f6zi a term\u00e9szetes \u00e1pol\u00e1s gyeng\u00e9ds\u00e9g\u00e9t a hosszan tart\u00f3 frissess\u00e9g \u00e9lm\u00e9ny\u00e9vel. Az \u00e9rz\u00e9keny b\u0151r\u0171, allergi\u00e1ra hajlamos kisbab\u00e1k, gyermekek \u00e9s feln\u0151ttek sz\u00e1m\u00e1ra is biztons\u00e1gos formula n\u00f6v\u00e9nyi eredet\u0171 textilkondicion\u00e1l\u00f3 \u00e9s sz\u00f6vetl\u00e1gy\u00edt\u00f3 \u00f6sszetev\u0151ket tartalmaz, amelyek biol\u00f3giailag leboml\u00f3ak \u00e9s b\u0151rk\u00edm\u00e9l\u0151ek. A term\u00e9szetazonos ill\u00f3olajok finoman \u00f6lelik k\u00f6rbe a text\u00edli\u00e1kat, hosszan tart\u00f3, term\u00e9szetes illatot hagyva, a \u201egy\u00fcm\u00f6lcs\u00f6s kert\u201d illata egyszerre friss, napf\u00e9nyes \u00e9s vid\u00e1m, mintha egy illatos ny\u00e1ri kert leveg\u0151je j\u00e1rn\u00e1 \u00e1t a ruh\u00e1kat. A Herbow Bambino \u00f6bl\u00edt\u0151 nemcsak illatos\u00edt, hanem l\u00e1gy\u00edtja \u00e9s \u00e1polja is a text\u00edli\u00e1kat, \u00edgy minden mos\u00e1s ut\u00e1n puha, kellemes tapint\u00e1s\u00fa ruhanem\u0171ket kapunk, szintetikus \u00f6bl\u00edt\u0151k n\u00e9lk\u00fcl. 200 ml-es kiszerel\u00e9se ak\u00e1r 40 mos\u00e1sra elegend\u0151, \u00edgy rendk\u00edv\u00fcl gazdas\u00e1gos \u00e9s k\u00f6rnyezetbar\u00e1t.<\/p>\n<p>Haszn\u00e1lat:\u00d6nts kb. 5 ml-t (f\u00e9l kupaknyit) a mos\u00f3g\u00e9p \u00f6bl\u00edt\u0151rekesz\u00e9be. Ne \u00f6ntsd k\u00f6zvetlen\u00fcl a ruh\u00e1ra. Haszn\u00e1lat el\u0151tt felr\u00e1zand\u00f3.<\/p>\n<p>A legjobb eredm\u00e9ny \u00e9rdek\u00e9ben haszn\u00e1ld a Herbow Bambino foly\u00e9kony mos\u00f3szerrel egy\u00fctt.<\/p>","protected":false},"excerpt":{"rendered":"<p>A <strong>Herbow Bambino 2in1 Mos\u00f3parf\u00fcm\u2013\u00d6bl\u00edt\u0151<\/strong> koncentr\u00e1tum kifejezetten az \u00e9rz\u00e9keny b\u0151r\u0171 bab\u00e1k \u00e9s gyermekek ruh\u00e1inak \u00e1pol\u00e1s\u00e1ra k\u00e9sz\u00fclt. A term\u00e9szetes \u00e1pol\u00f3 \u00f6sszetev\u0151knek k\u00f6sz\u00f6nhet\u0151en a text\u00edli\u00e1k puh\u00e1k \u00e9s friss tapint\u00e1s\u00faak lesznek, mik\u00f6zben a gy\u00fcm\u00f6lcs\u00f6s illat vid\u00e1ms\u00e1got \u00e9s k\u00f6nnyeds\u00e9get visz a mindennapokba.<\/p>\n<p>Dimensiunea pachetului: 200ml<\/p>","protected":false},"featured_media":899,"comment_status":"open","ping_status":"closed","template":"","meta":[],"product_brand":[1397],"product_cat":[1408],"product_tag":[1534,1535,1431,1546,1527,1517,1531,1521,1540,1529,1518,1522,1515,1516,1514,1513,1523,1524,1519,1532,1542,1550,1548,1409,1533,1512,1549,1430,1506,1552,1520,1551,1504,1537,1541,1502,1547,1530,1544,1441,1499,1525,1543,1508,1538,1509,1526,1545,1445,1539,1536,1528],"class_list":{"0":"post-1035","1":"product","2":"type-product","3":"status-publish","4":"has-post-thumbnail","6":"product_brand-herbow","7":"product_cat-herbow-baby-bambino-termekcsalad","8":"product_tag-2in1-mosoparfum","9":"product_tag-2in1-textilfrissito","10":"product_tag-allergenmentes","11":"product_tag-allergenmentes-illat-ha-szukseges","12":"product_tag-allatkiserletmentes","13":"product_tag-erzekeny-borre","14":"product_tag-erzekeny-textiliakhoz","15":"product_tag-oko-haztartas","16":"product_tag-oko-textilapolas","17":"product_tag-okocimkes-termek","18":"product_tag-ujszulott-borere","19":"product_tag-bababarat-tisztitas","20":"product_tag-babamosas","21":"product_tag-babaruhakhoz","22":"product_tag-babatermek","23":"product_tag-bambino","24":"product_tag-biztonsagos-osszetevok","25":"product_tag-borbarat-formula","26":"product_tag-dermatologiailag-tesztelt","27":"product_tag-feher-es-szines-ruhakhoz","28":"product_tag-friss-ruhak","29":"product_tag-gardrob-frissito","30":"product_tag-gazdasagos-hasznalat","31":"product_tag-herbow","32":"product_tag-herbow-2in1","33":"product_tag-herbow-bambino","34":"product_tag-herbtech-formula","35":"product_tag-hipoallergen","36":"product_tag-hosszan-tarto-illat","37":"product_tag-illatkapszula-hatas","38":"product_tag-illatmentes-termek","39":"product_tag-illatos-mosas","40":"product_tag-illatos-ruhak","41":"product_tag-illatosito-koncentratum","42":"product_tag-intenziv-illat","43":"product_tag-kornyezetbarat-mosas","44":"product_tag-koncentralt-formula","45":"product_tag-koncentratum","46":"product_tag-mindennapi-mosashoz","47":"product_tag-novenyi-alapu","48":"product_tag-novenyi-alapu-textilapolo","49":"product_tag-parabenmentes","50":"product_tag-puhabb-ruhak","51":"product_tag-ruhaillatosito","52":"product_tag-ruhaparfum","53":"product_tag-szines-es-feher-ruhakhoz","54":"product_tag-szinezekmentes","55":"product_tag-termeszetbarat-mosas","56":"product_tag-termeszetes-osszetevok","57":"product_tag-termeszetes-textilfrissito","58":"product_tag-textilfrissito-koncentratum","59":"product_tag-vegan","61":"first","62":"instock","63":"taxable","64":"shipping-taxable","65":"product-type-simple"},"yoast_head":"<!-- This site is optimized with the Yoast SEO plugin v27.4 - https:\/\/yoast.com\/product\/yoast-seo-wordpress\/ -->\n<title>Herbow Bambino 2in1 mos\u00f3parf\u00fcm \u00f6bl\u00edt\u0151 koncentr\u00e1tum gy\u00fcm\u00f6lcs\u00f6s kert 200 ml - Herbow | International<\/title>\n<meta name=\"description\" content=\"A Herbow Bambino 2in1 Mos\u00f3parf\u00fcm\u2013\u00d6bl\u00edt\u0151 koncentr\u00e1tum kifejezetten az \u00e9rz\u00e9keny b\u0151r\u0171 bab\u00e1k \u00e9s gyermekek ruh\u00e1inak \u00e1pol\u00e1s\u00e1ra k\u00e9sz\u00fclt. A term\u00e9szetes \u00e1pol\u00f3 \u00f6sszetev\u0151knek k\u00f6sz\u00f6nhet\u0151en a text\u00edli\u00e1k puh\u00e1k \u00e9s friss tapint\u00e1s\u00faak lesznek, mik\u00f6zben a gy\u00fcm\u00f6lcs\u00f6s illat vid\u00e1ms\u00e1got \u00e9s k\u00f6nnyeds\u00e9get visz a mindennapokba.\" \/>\n<meta name=\"robots\" content=\"index, follow, max-snippet:-1, max-image-preview:large, max-video-preview:-1\" \/>\n<link rel=\"canonical\" href=\"https:\/\/herbow.eu\/ro\/product\/herbow-bambino-2in1-mosoparfum-oblito-koncentratum-gyumolcsos-kert\/\" \/>\n<meta property=\"og:locale\" content=\"ro_RO\" \/>\n<meta property=\"og:type\" content=\"article\" \/>\n<meta property=\"og:title\" content=\"Herbow Bambino 2in1 mos\u00f3parf\u00fcm \u00f6bl\u00edt\u0151 koncentr\u00e1tum gy\u00fcm\u00f6lcs\u00f6s kert 200 ml - Herbow | International\" \/>\n<meta property=\"og:description\" content=\"A Herbow Bambino 2in1 Mos\u00f3parf\u00fcm\u2013\u00d6bl\u00edt\u0151 koncentr\u00e1tum kifejezetten az \u00e9rz\u00e9keny b\u0151r\u0171 bab\u00e1k \u00e9s gyermekek ruh\u00e1inak \u00e1pol\u00e1s\u00e1ra k\u00e9sz\u00fclt. A term\u00e9szetes \u00e1pol\u00f3 \u00f6sszetev\u0151knek k\u00f6sz\u00f6nhet\u0151en a text\u00edli\u00e1k puh\u00e1k \u00e9s friss tapint\u00e1s\u00faak lesznek, mik\u00f6zben a gy\u00fcm\u00f6lcs\u00f6s illat vid\u00e1ms\u00e1got \u00e9s k\u00f6nnyeds\u00e9get visz a mindennapokba.\" \/>\n<meta property=\"og:url\" content=\"https:\/\/herbow.eu\/ro\/product\/herbow-bambino-2in1-mosoparfum-oblito-koncentratum-gyumolcsos-kert\/\" \/>\n<meta property=\"og:site_name\" content=\"Herbow | International\" \/>\n<meta property=\"article:publisher\" content=\"https:\/\/www.facebook.com\/herbowmosodioslabda\/\" \/>\n<meta property=\"article:modified_time\" content=\"2026-03-17T09:58:09+00:00\" \/>\n<meta property=\"og:image\" content=\"https:\/\/herbow.eu\/wp-content\/uploads\/2025\/08\/Herbow-bambino_parfum_2in1_200ml_redesign_front_v2_144x110mm_malna_PETA.png\" \/>\n\t<meta property=\"og:image:width\" content=\"2000\" \/>\n\t<meta property=\"og:image:height\" content=\"2000\" \/>\n\t<meta property=\"og:image:type\" content=\"image\/png\" \/>\n<meta name=\"twitter:card\" content=\"summary_large_image\" \/>\n<meta name=\"twitter:label1\" content=\"Timp estimat pentru citire\" \/>\n\t<meta name=\"twitter:data1\" content=\"1 minut\" \/>\n<script type=\"application\/ld+json\" class=\"yoast-schema-graph\">{\"@context\":\"https:\\\/\\\/schema.org\",\"@graph\":[{\"@type\":\"WebPage\",\"@id\":\"https:\\\/\\\/herbow.eu\\\/product\\\/herbow-bambino-2in1-mosoparfum-oblito-koncentratum-gyumolcsos-kert\\\/\",\"url\":\"https:\\\/\\\/herbow.eu\\\/product\\\/herbow-bambino-2in1-mosoparfum-oblito-koncentratum-gyumolcsos-kert\\\/\",\"name\":\"Herbow Bambino 2in1 mos\u00f3parf\u00fcm \u00f6bl\u00edt\u0151 koncentr\u00e1tum gy\u00fcm\u00f6lcs\u00f6s kert 200 ml - Herbow | International\",\"isPartOf\":{\"@id\":\"https:\\\/\\\/herbow.eu\\\/#website\"},\"primaryImageOfPage\":{\"@id\":\"https:\\\/\\\/herbow.eu\\\/product\\\/herbow-bambino-2in1-mosoparfum-oblito-koncentratum-gyumolcsos-kert\\\/#primaryimage\"},\"image\":{\"@id\":\"https:\\\/\\\/herbow.eu\\\/product\\\/herbow-bambino-2in1-mosoparfum-oblito-koncentratum-gyumolcsos-kert\\\/#primaryimage\"},\"thumbnailUrl\":\"https:\\\/\\\/herbow.eu\\\/wp-content\\\/uploads\\\/2025\\\/08\\\/Herbow-bambino_parfum_2in1_200ml_redesign_front_v2_144x110mm_malna_PETA.png\",\"datePublished\":\"2025-08-18T09:05:58+00:00\",\"dateModified\":\"2026-03-17T09:58:09+00:00\",\"description\":\"A Herbow Bambino 2in1 Mos\u00f3parf\u00fcm\u2013\u00d6bl\u00edt\u0151 koncentr\u00e1tum kifejezetten az \u00e9rz\u00e9keny b\u0151r\u0171 bab\u00e1k \u00e9s gyermekek ruh\u00e1inak \u00e1pol\u00e1s\u00e1ra k\u00e9sz\u00fclt. A term\u00e9szetes \u00e1pol\u00f3 \u00f6sszetev\u0151knek k\u00f6sz\u00f6nhet\u0151en a text\u00edli\u00e1k puh\u00e1k \u00e9s friss tapint\u00e1s\u00faak lesznek, mik\u00f6zben a gy\u00fcm\u00f6lcs\u00f6s illat vid\u00e1ms\u00e1got \u00e9s k\u00f6nnyeds\u00e9get visz a mindennapokba.\",\"breadcrumb\":{\"@id\":\"https:\\\/\\\/herbow.eu\\\/product\\\/herbow-bambino-2in1-mosoparfum-oblito-koncentratum-gyumolcsos-kert\\\/#breadcrumb\"},\"inLanguage\":\"ro-RO\",\"potentialAction\":[{\"@type\":\"ReadAction\",\"target\":[\"https:\\\/\\\/herbow.eu\\\/product\\\/herbow-bambino-2in1-mosoparfum-oblito-koncentratum-gyumolcsos-kert\\\/\"]}]},{\"@type\":\"ImageObject\",\"inLanguage\":\"ro-RO\",\"@id\":\"https:\\\/\\\/herbow.eu\\\/product\\\/herbow-bambino-2in1-mosoparfum-oblito-koncentratum-gyumolcsos-kert\\\/#primaryimage\",\"url\":\"https:\\\/\\\/herbow.eu\\\/wp-content\\\/uploads\\\/2025\\\/08\\\/Herbow-bambino_parfum_2in1_200ml_redesign_front_v2_144x110mm_malna_PETA.png\",\"contentUrl\":\"https:\\\/\\\/herbow.eu\\\/wp-content\\\/uploads\\\/2025\\\/08\\\/Herbow-bambino_parfum_2in1_200ml_redesign_front_v2_144x110mm_malna_PETA.png\",\"width\":2000,\"height\":2000},{\"@type\":\"BreadcrumbList\",\"@id\":\"https:\\\/\\\/herbow.eu\\\/product\\\/herbow-bambino-2in1-mosoparfum-oblito-koncentratum-gyumolcsos-kert\\\/#breadcrumb\",\"itemListElement\":[{\"@type\":\"ListItem\",\"position\":1,\"name\":\"Kezd\u0151lap\",\"item\":\"https:\\\/\\\/herbow.eu\\\/\"},{\"@type\":\"ListItem\",\"position\":2,\"name\":\"Shop\",\"item\":\"https:\\\/\\\/herbow.eu\\\/shop\\\/\"},{\"@type\":\"ListItem\",\"position\":3,\"name\":\"Herbow Bambino 2in1 mos\u00f3parf\u00fcm \u00f6bl\u00edt\u0151 koncentr\u00e1tum gy\u00fcm\u00f6lcs\u00f6s kert 200 ml\"}]},{\"@type\":\"WebSite\",\"@id\":\"https:\\\/\\\/herbow.eu\\\/#website\",\"url\":\"https:\\\/\\\/herbow.eu\\\/\",\"name\":\"Herbow | Herbal Organic World\",\"description\":\"Herbal Organic World\",\"publisher\":{\"@id\":\"https:\\\/\\\/herbow.eu\\\/#organization\"},\"potentialAction\":[{\"@type\":\"SearchAction\",\"target\":{\"@type\":\"EntryPoint\",\"urlTemplate\":\"https:\\\/\\\/herbow.eu\\\/?s={search_term_string}\"},\"query-input\":{\"@type\":\"PropertyValueSpecification\",\"valueRequired\":true,\"valueName\":\"search_term_string\"}}],\"inLanguage\":\"ro-RO\"},{\"@type\":\"Organization\",\"@id\":\"https:\\\/\\\/herbow.eu\\\/#organization\",\"name\":\"Herbow International Zrt.\",\"url\":\"https:\\\/\\\/herbow.eu\\\/\",\"logo\":{\"@type\":\"ImageObject\",\"inLanguage\":\"ro-RO\",\"@id\":\"https:\\\/\\\/herbow.eu\\\/#\\\/schema\\\/logo\\\/image\\\/\",\"url\":\"https:\\\/\\\/herbow.eu\\\/wp-content\\\/uploads\\\/2025\\\/07\\\/herbow_logo_hun_2021-01_w-slogan_no-background.png\",\"contentUrl\":\"https:\\\/\\\/herbow.eu\\\/wp-content\\\/uploads\\\/2025\\\/07\\\/herbow_logo_hun_2021-01_w-slogan_no-background.png\",\"width\":2366,\"height\":1732,\"caption\":\"Herbow International Zrt.\"},\"image\":{\"@id\":\"https:\\\/\\\/herbow.eu\\\/#\\\/schema\\\/logo\\\/image\\\/\"},\"sameAs\":[\"https:\\\/\\\/www.facebook.com\\\/herbowmosodioslabda\\\/\",\"https:\\\/\\\/www.instagram.com\\\/herbowmosodioslabda\\\/\"]}]}<\/script>\n<!-- \/ Yoast SEO plugin. -->","yoast_head_json":{"title":"Herbow Bambino 2in1 mos\u00f3parf\u00fcm \u00f6bl\u00edt\u0151 koncentr\u00e1tum gy\u00fcm\u00f6lcs\u00f6s kert 200 ml - Herbow | International","description":"A Herbow Bambino 2in1 Mos\u00f3parf\u00fcm\u2013\u00d6bl\u00edt\u0151 koncentr\u00e1tum kifejezetten az \u00e9rz\u00e9keny b\u0151r\u0171 bab\u00e1k \u00e9s gyermekek ruh\u00e1inak \u00e1pol\u00e1s\u00e1ra k\u00e9sz\u00fclt. A term\u00e9szetes \u00e1pol\u00f3 \u00f6sszetev\u0151knek k\u00f6sz\u00f6nhet\u0151en a text\u00edli\u00e1k puh\u00e1k \u00e9s friss tapint\u00e1s\u00faak lesznek, mik\u00f6zben a gy\u00fcm\u00f6lcs\u00f6s illat vid\u00e1ms\u00e1got \u00e9s k\u00f6nnyeds\u00e9get visz a mindennapokba.","robots":{"index":"index","follow":"follow","max-snippet":"max-snippet:-1","max-image-preview":"max-image-preview:large","max-video-preview":"max-video-preview:-1"},"canonical":"https:\/\/herbow.eu\/ro\/product\/herbow-bambino-2in1-mosoparfum-oblito-koncentratum-gyumolcsos-kert\/","og_locale":"ro_RO","og_type":"article","og_title":"Herbow Bambino 2in1 mos\u00f3parf\u00fcm \u00f6bl\u00edt\u0151 koncentr\u00e1tum gy\u00fcm\u00f6lcs\u00f6s kert 200 ml - Herbow | International","og_description":"A Herbow Bambino 2in1 Mos\u00f3parf\u00fcm\u2013\u00d6bl\u00edt\u0151 koncentr\u00e1tum kifejezetten az \u00e9rz\u00e9keny b\u0151r\u0171 bab\u00e1k \u00e9s gyermekek ruh\u00e1inak \u00e1pol\u00e1s\u00e1ra k\u00e9sz\u00fclt. A term\u00e9szetes \u00e1pol\u00f3 \u00f6sszetev\u0151knek k\u00f6sz\u00f6nhet\u0151en a text\u00edli\u00e1k puh\u00e1k \u00e9s friss tapint\u00e1s\u00faak lesznek, mik\u00f6zben a gy\u00fcm\u00f6lcs\u00f6s illat vid\u00e1ms\u00e1got \u00e9s k\u00f6nnyeds\u00e9get visz a mindennapokba.","og_url":"https:\/\/herbow.eu\/ro\/product\/herbow-bambino-2in1-mosoparfum-oblito-koncentratum-gyumolcsos-kert\/","og_site_name":"Herbow | International","article_publisher":"https:\/\/www.facebook.com\/herbowmosodioslabda\/","article_modified_time":"2026-03-17T09:58:09+00:00","og_image":[{"width":2000,"height":2000,"url":"https:\/\/herbow.eu\/wp-content\/uploads\/2025\/08\/Herbow-bambino_parfum_2in1_200ml_redesign_front_v2_144x110mm_malna_PETA.png","type":"image\/png"}],"twitter_card":"summary_large_image","twitter_misc":{"Timp estimat pentru citire":"1 minut"},"schema":{"@context":"https:\/\/schema.org","@graph":[{"@type":"WebPage","@id":"https:\/\/herbow.eu\/product\/herbow-bambino-2in1-mosoparfum-oblito-koncentratum-gyumolcsos-kert\/","url":"https:\/\/herbow.eu\/product\/herbow-bambino-2in1-mosoparfum-oblito-koncentratum-gyumolcsos-kert\/","name":"Herbow Bambino 2in1 mos\u00f3parf\u00fcm \u00f6bl\u00edt\u0151 koncentr\u00e1tum gy\u00fcm\u00f6lcs\u00f6s kert 200 ml - Herbow | International","isPartOf":{"@id":"https:\/\/herbow.eu\/#website"},"primaryImageOfPage":{"@id":"https:\/\/herbow.eu\/product\/herbow-bambino-2in1-mosoparfum-oblito-koncentratum-gyumolcsos-kert\/#primaryimage"},"image":{"@id":"https:\/\/herbow.eu\/product\/herbow-bambino-2in1-mosoparfum-oblito-koncentratum-gyumolcsos-kert\/#primaryimage"},"thumbnailUrl":"https:\/\/herbow.eu\/wp-content\/uploads\/2025\/08\/Herbow-bambino_parfum_2in1_200ml_redesign_front_v2_144x110mm_malna_PETA.png","datePublished":"2025-08-18T09:05:58+00:00","dateModified":"2026-03-17T09:58:09+00:00","description":"A Herbow Bambino 2in1 Mos\u00f3parf\u00fcm\u2013\u00d6bl\u00edt\u0151 koncentr\u00e1tum kifejezetten az \u00e9rz\u00e9keny b\u0151r\u0171 bab\u00e1k \u00e9s gyermekek ruh\u00e1inak \u00e1pol\u00e1s\u00e1ra k\u00e9sz\u00fclt. A term\u00e9szetes \u00e1pol\u00f3 \u00f6sszetev\u0151knek k\u00f6sz\u00f6nhet\u0151en a text\u00edli\u00e1k puh\u00e1k \u00e9s friss tapint\u00e1s\u00faak lesznek, mik\u00f6zben a gy\u00fcm\u00f6lcs\u00f6s illat vid\u00e1ms\u00e1got \u00e9s k\u00f6nnyeds\u00e9get visz a mindennapokba.","breadcrumb":{"@id":"https:\/\/herbow.eu\/product\/herbow-bambino-2in1-mosoparfum-oblito-koncentratum-gyumolcsos-kert\/#breadcrumb"},"inLanguage":"ro-RO","potentialAction":[{"@type":"ReadAction","target":["https:\/\/herbow.eu\/product\/herbow-bambino-2in1-mosoparfum-oblito-koncentratum-gyumolcsos-kert\/"]}]},{"@type":"ImageObject","inLanguage":"ro-RO","@id":"https:\/\/herbow.eu\/product\/herbow-bambino-2in1-mosoparfum-oblito-koncentratum-gyumolcsos-kert\/#primaryimage","url":"https:\/\/herbow.eu\/wp-content\/uploads\/2025\/08\/Herbow-bambino_parfum_2in1_200ml_redesign_front_v2_144x110mm_malna_PETA.png","contentUrl":"https:\/\/herbow.eu\/wp-content\/uploads\/2025\/08\/Herbow-bambino_parfum_2in1_200ml_redesign_front_v2_144x110mm_malna_PETA.png","width":2000,"height":2000},{"@type":"BreadcrumbList","@id":"https:\/\/herbow.eu\/product\/herbow-bambino-2in1-mosoparfum-oblito-koncentratum-gyumolcsos-kert\/#breadcrumb","itemListElement":[{"@type":"ListItem","position":1,"name":"Kezd\u0151lap","item":"https:\/\/herbow.eu\/"},{"@type":"ListItem","position":2,"name":"Shop","item":"https:\/\/herbow.eu\/shop\/"},{"@type":"ListItem","position":3,"name":"Herbow Bambino 2in1 mos\u00f3parf\u00fcm \u00f6bl\u00edt\u0151 koncentr\u00e1tum gy\u00fcm\u00f6lcs\u00f6s kert 200 ml"}]},{"@type":"WebSite","@id":"https:\/\/herbow.eu\/#website","url":"https:\/\/herbow.eu\/","name":"Herbow | Lumea organic\u0103 pe baz\u0103 de plante","description":"Lumea organic\u0103 pe baz\u0103 de plante","publisher":{"@id":"https:\/\/herbow.eu\/#organization"},"potentialAction":[{"@type":"SearchAction","target":{"@type":"EntryPoint","urlTemplate":"https:\/\/herbow.eu\/?s={search_term_string}"},"query-input":{"@type":"PropertyValueSpecification","valueRequired":true,"valueName":"search_term_string"}}],"inLanguage":"ro-RO"},{"@type":"Organization","@id":"https:\/\/herbow.eu\/#organization","name":"Herbow International Zrt.","url":"https:\/\/herbow.eu\/","logo":{"@type":"ImageObject","inLanguage":"ro-RO","@id":"https:\/\/herbow.eu\/#\/schema\/logo\/image\/","url":"https:\/\/herbow.eu\/wp-content\/uploads\/2025\/07\/herbow_logo_hun_2021-01_w-slogan_no-background.png","contentUrl":"https:\/\/herbow.eu\/wp-content\/uploads\/2025\/07\/herbow_logo_hun_2021-01_w-slogan_no-background.png","width":2366,"height":1732,"caption":"Herbow International Zrt."},"image":{"@id":"https:\/\/herbow.eu\/#\/schema\/logo\/image\/"},"sameAs":["https:\/\/www.facebook.com\/herbowmosodioslabda\/","https:\/\/www.instagram.com\/herbowmosodioslabda\/"]}]}},"jetpack_likes_enabled":true,"jetpack_sharing_enabled":true,"_links":{"self":[{"href":"https:\/\/herbow.eu\/ro\/wp-json\/wp\/v2\/product\/1035","targetHints":{"allow":["GET"]}}],"collection":[{"href":"https:\/\/herbow.eu\/ro\/wp-json\/wp\/v2\/product"}],"about":[{"href":"https:\/\/herbow.eu\/ro\/wp-json\/wp\/v2\/types\/product"}],"replies":[{"embeddable":true,"href":"https:\/\/herbow.eu\/ro\/wp-json\/wp\/v2\/comments?post=1035"}],"wp:featuredmedia":[{"embeddable":true,"href":"https:\/\/herbow.eu\/ro\/wp-json\/wp\/v2\/media\/899"}],"wp:attachment":[{"href":"https:\/\/herbow.eu\/ro\/wp-json\/wp\/v2\/media?parent=1035"}],"wp:term":[{"taxonomy":"product_brand","embeddable":true,"href":"https:\/\/herbow.eu\/ro\/wp-json\/wp\/v2\/product_brand?post=1035"},{"taxonomy":"product_cat","embeddable":true,"href":"https:\/\/herbow.eu\/ro\/wp-json\/wp\/v2\/product_cat?post=1035"},{"taxonomy":"product_tag","embeddable":true,"href":"https:\/\/herbow.eu\/ro\/wp-json\/wp\/v2\/product_tag?post=1035"}],"curies":[{"name":"wp","href":"https:\/\/api.w.org\/{rel}","templated":true}]}}