{"id":1036,"date":"2025-08-18T11:05:58","date_gmt":"2025-08-18T09:05:58","guid":{"rendered":"https:\/\/herbow.eu\/product\/herbow-bambino-oblito-koncentratum-illat-es-allergenmentes\/"},"modified":"2026-03-17T10:58:10","modified_gmt":"2026-03-17T09:58:10","slug":"herbow-bambino-oblito-concentratum-bez-vune-a-alergenu","status":"publish","type":"product","link":"https:\/\/herbow.eu\/cs\/product\/herbow-bambino-oblito-koncentratum-illat-es-allergenmentes\/","title":{"rendered":"Herbow Bambino oplachovac\u00ed koncentr\u00e1t bez v\u016fn\u011b a alergen\u016f 200 ml"},"content":{"rendered":"<p>Koncentr\u00e1t na oplachov\u00e1n\u00ed tkanin Herbow Bambino bez v\u016fn\u011b a alergen\u016f nab\u00edz\u00ed dokonalou harmonii p\u0159irozen\u00e9 \u010distoty a jemn\u00e9 p\u00e9\u010de pro ka\u017edodenn\u00ed rutinu osob s citlivou poko\u017ekou. 100% obsahuje pe\u010duj\u00edc\u00ed a zm\u011bk\u010duj\u00edc\u00ed slo\u017eky rostlinn\u00e9ho p\u016fvodu, kter\u00e9 zanech\u00e1vaj\u00ed tkaniny m\u011bkk\u00e9, pru\u017en\u00e9 a p\u0159\u00edjemn\u00e9 na dotek bez parfemace a dr\u00e1\u017ediv\u00fdch slo\u017eek. Speci\u00e1ln\u00ed slo\u017een\u00ed pro m\u00e1ch\u00e1n\u00ed oble\u010den\u00ed pro kojence, batolata a dosp\u011bl\u00e9 s citlivou poko\u017ekou n\u00e1chylnou k alergi\u00edm. biologicky odbourateln\u00e9 slo\u017een\u00ed bez barviv, silikonu a siloxanu, kter\u00e9 nezanech\u00e1v\u00e1 zbytky na tkanin\u00e1ch a \u0161etrn\u011b chr\u00e1n\u00ed poko\u017eku po ka\u017ed\u00e9m pran\u00ed. Pro p\u0159irozenou hebkost sta\u010d\u00ed jen n\u011bkolik mililitr\u016f, co\u017e z n\u011bj \u010din\u00ed ekonomick\u00e9 a ekologick\u00e9 \u0159e\u0161en\u00ed.<\/p>\n<p>Pou\u017eit\u00ed je snadn\u00e9: nalijte 5 ml (p\u016fl uz\u00e1v\u011bru) do prostoru pro m\u00e1ch\u00e1n\u00ed pra\u010dky. P\u0159ed pou\u017eit\u00edm prot\u0159epejte.<\/p>\n<p>Pro dokonal\u00e9 pran\u00ed \u0161etrn\u00e9 k poko\u017ece jej kombinujte s koncentr\u00e1tem tekut\u00e9ho prac\u00edho prost\u0159edku Herbow Bambino bez v\u016fn\u011b a alergen\u016f.<\/p>","protected":false},"excerpt":{"rendered":"<p>A <strong>Herbow Bambino Oplachova\u010d tkanin bez v\u016fn\u011b a alergen\u016f<\/strong> poskytuje \u0161etrnou p\u00e9\u010di i o tu nejcitliv\u011bj\u0161\u00ed poko\u017eku.100% obsahuje rostlinn\u00e9 slo\u017eky, d\u00edky nim\u017e jsou tkaniny jemn\u00e9 a hebk\u00e9 na dotek bez parfemace.<\/p>\n<p>Velikost balen\u00ed: 200 ml<\/p>","protected":false},"featured_media":901,"comment_status":"open","ping_status":"closed","template":"","meta":[],"product_brand":[1397],"product_cat":[1408],"product_tag":[1431,1527,1517,1531,1521,1529,1518,1522,1515,1516,1514,1513,1523,1524,1519,1532,1409,1512,1430,1520,1502,1530,1441,1525,1526,1445,1528],"class_list":{"0":"post-1036","1":"product","2":"type-product","3":"status-publish","4":"has-post-thumbnail","6":"product_brand-herbow","7":"product_cat-herbow-baby-bambino-termekcsalad","8":"product_tag-allergenmentes","9":"product_tag-allatkiserletmentes","10":"product_tag-erzekeny-borre","11":"product_tag-erzekeny-textiliakhoz","12":"product_tag-oko-haztartas","13":"product_tag-okocimkes-termek","14":"product_tag-ujszulott-borere","15":"product_tag-bababarat-tisztitas","16":"product_tag-babamosas","17":"product_tag-babaruhakhoz","18":"product_tag-babatermek","19":"product_tag-bambino","20":"product_tag-biztonsagos-osszetevok","21":"product_tag-borbarat-formula","22":"product_tag-dermatologiailag-tesztelt","23":"product_tag-feher-es-szines-ruhakhoz","24":"product_tag-herbow","25":"product_tag-herbow-bambino","26":"product_tag-hipoallergen","27":"product_tag-illatmentes-termek","28":"product_tag-kornyezetbarat-mosas","29":"product_tag-koncentratum","30":"product_tag-novenyi-alapu","31":"product_tag-parabenmentes","32":"product_tag-szinezekmentes","33":"product_tag-termeszetes-osszetevok","34":"product_tag-vegan","36":"first","37":"instock","38":"taxable","39":"shipping-taxable","40":"product-type-simple"},"yoast_head":"<!-- This site is optimized with the Yoast SEO plugin v27.4 - https:\/\/yoast.com\/product\/yoast-seo-wordpress\/ -->\n<title>Herbow Bambino \u00f6bl\u00edt\u0151 koncentr\u00e1tum illat- \u00e9s allerg\u00e9nmentes 200 ml - Herbow | International<\/title>\n<meta name=\"description\" content=\"A Herbow Bambino Illat- \u00e9s Allerg\u00e9nmentes textil\u00f6bl\u00edt\u0151 k\u00edm\u00e9letes gondoskod\u00e1st ny\u00fajt a leg\u00e9rz\u00e9kenyebb b\u0151r sz\u00e1m\u00e1ra is.100%-ban n\u00f6v\u00e9nyi eredet\u0171 \u00f6sszetev\u0151i puh\u00e1v\u00e1 \u00e9s l\u00e1gy tapint\u00e1s\u00fav\u00e1 var\u00e1zsolj\u00e1k a text\u00edli\u00e1kat illatanyagok n\u00e9lk\u00fcl.\" \/>\n<meta name=\"robots\" content=\"index, follow, max-snippet:-1, max-image-preview:large, max-video-preview:-1\" \/>\n<link rel=\"canonical\" href=\"https:\/\/herbow.eu\/cs\/product\/herbow-bambino-oblito-concentratum-bez-vune-a-alergenu\/\" \/>\n<meta property=\"og:locale\" content=\"cs_CZ\" \/>\n<meta property=\"og:type\" content=\"article\" \/>\n<meta property=\"og:title\" content=\"Herbow Bambino \u00f6bl\u00edt\u0151 koncentr\u00e1tum illat- \u00e9s allerg\u00e9nmentes 200 ml - Herbow | International\" \/>\n<meta property=\"og:description\" content=\"A Herbow Bambino Illat- \u00e9s Allerg\u00e9nmentes textil\u00f6bl\u00edt\u0151 k\u00edm\u00e9letes gondoskod\u00e1st ny\u00fajt a leg\u00e9rz\u00e9kenyebb b\u0151r sz\u00e1m\u00e1ra is.100%-ban n\u00f6v\u00e9nyi eredet\u0171 \u00f6sszetev\u0151i puh\u00e1v\u00e1 \u00e9s l\u00e1gy tapint\u00e1s\u00fav\u00e1 var\u00e1zsolj\u00e1k a text\u00edli\u00e1kat illatanyagok n\u00e9lk\u00fcl.\" \/>\n<meta property=\"og:url\" content=\"https:\/\/herbow.eu\/cs\/product\/herbow-bambino-oblito-concentratum-bez-vune-a-alergenu\/\" \/>\n<meta property=\"og:site_name\" content=\"Herbow | International\" \/>\n<meta property=\"article:publisher\" content=\"https:\/\/www.facebook.com\/herbowmosodioslabda\/\" \/>\n<meta property=\"article:modified_time\" content=\"2026-03-17T09:58:10+00:00\" \/>\n<meta property=\"og:image\" content=\"https:\/\/herbow.eu\/wp-content\/uploads\/2025\/08\/Herbow-bambino_text-oblito_200ml_redesign_front_v2_144x110mm_illat-allergenmentes.png\" \/>\n\t<meta property=\"og:image:width\" content=\"2000\" \/>\n\t<meta property=\"og:image:height\" content=\"2000\" \/>\n\t<meta property=\"og:image:type\" content=\"image\/png\" \/>\n<meta name=\"twitter:card\" content=\"summary_large_image\" \/>\n<meta name=\"twitter:label1\" content=\"Odhadovan\u00e1 doba \u010dten\u00ed\" \/>\n\t<meta name=\"twitter:data1\" content=\"1 minuta\" \/>\n<script type=\"application\/ld+json\" class=\"yoast-schema-graph\">{\"@context\":\"https:\\\/\\\/schema.org\",\"@graph\":[{\"@type\":\"WebPage\",\"@id\":\"https:\\\/\\\/herbow.eu\\\/product\\\/herbow-bambino-oblito-koncentratum-illat-es-allergenmentes\\\/\",\"url\":\"https:\\\/\\\/herbow.eu\\\/product\\\/herbow-bambino-oblito-koncentratum-illat-es-allergenmentes\\\/\",\"name\":\"Herbow Bambino \u00f6bl\u00edt\u0151 koncentr\u00e1tum illat- \u00e9s allerg\u00e9nmentes 200 ml - Herbow | International\",\"isPartOf\":{\"@id\":\"https:\\\/\\\/herbow.eu\\\/#website\"},\"primaryImageOfPage\":{\"@id\":\"https:\\\/\\\/herbow.eu\\\/product\\\/herbow-bambino-oblito-koncentratum-illat-es-allergenmentes\\\/#primaryimage\"},\"image\":{\"@id\":\"https:\\\/\\\/herbow.eu\\\/product\\\/herbow-bambino-oblito-koncentratum-illat-es-allergenmentes\\\/#primaryimage\"},\"thumbnailUrl\":\"https:\\\/\\\/herbow.eu\\\/wp-content\\\/uploads\\\/2025\\\/08\\\/Herbow-bambino_text-oblito_200ml_redesign_front_v2_144x110mm_illat-allergenmentes.png\",\"datePublished\":\"2025-08-18T09:05:58+00:00\",\"dateModified\":\"2026-03-17T09:58:10+00:00\",\"description\":\"A Herbow Bambino Illat- \u00e9s Allerg\u00e9nmentes textil\u00f6bl\u00edt\u0151 k\u00edm\u00e9letes gondoskod\u00e1st ny\u00fajt a leg\u00e9rz\u00e9kenyebb b\u0151r sz\u00e1m\u00e1ra is.100%-ban n\u00f6v\u00e9nyi eredet\u0171 \u00f6sszetev\u0151i puh\u00e1v\u00e1 \u00e9s l\u00e1gy tapint\u00e1s\u00fav\u00e1 var\u00e1zsolj\u00e1k a text\u00edli\u00e1kat illatanyagok n\u00e9lk\u00fcl.\",\"breadcrumb\":{\"@id\":\"https:\\\/\\\/herbow.eu\\\/product\\\/herbow-bambino-oblito-koncentratum-illat-es-allergenmentes\\\/#breadcrumb\"},\"inLanguage\":\"cs\",\"potentialAction\":[{\"@type\":\"ReadAction\",\"target\":[\"https:\\\/\\\/herbow.eu\\\/product\\\/herbow-bambino-oblito-koncentratum-illat-es-allergenmentes\\\/\"]}]},{\"@type\":\"ImageObject\",\"inLanguage\":\"cs\",\"@id\":\"https:\\\/\\\/herbow.eu\\\/product\\\/herbow-bambino-oblito-koncentratum-illat-es-allergenmentes\\\/#primaryimage\",\"url\":\"https:\\\/\\\/herbow.eu\\\/wp-content\\\/uploads\\\/2025\\\/08\\\/Herbow-bambino_text-oblito_200ml_redesign_front_v2_144x110mm_illat-allergenmentes.png\",\"contentUrl\":\"https:\\\/\\\/herbow.eu\\\/wp-content\\\/uploads\\\/2025\\\/08\\\/Herbow-bambino_text-oblito_200ml_redesign_front_v2_144x110mm_illat-allergenmentes.png\",\"width\":2000,\"height\":2000},{\"@type\":\"BreadcrumbList\",\"@id\":\"https:\\\/\\\/herbow.eu\\\/product\\\/herbow-bambino-oblito-koncentratum-illat-es-allergenmentes\\\/#breadcrumb\",\"itemListElement\":[{\"@type\":\"ListItem\",\"position\":1,\"name\":\"Kezd\u0151lap\",\"item\":\"https:\\\/\\\/herbow.eu\\\/\"},{\"@type\":\"ListItem\",\"position\":2,\"name\":\"Shop\",\"item\":\"https:\\\/\\\/herbow.eu\\\/shop\\\/\"},{\"@type\":\"ListItem\",\"position\":3,\"name\":\"Herbow Bambino \u00f6bl\u00edt\u0151 koncentr\u00e1tum illat- \u00e9s allerg\u00e9nmentes 200 ml\"}]},{\"@type\":\"WebSite\",\"@id\":\"https:\\\/\\\/herbow.eu\\\/#website\",\"url\":\"https:\\\/\\\/herbow.eu\\\/\",\"name\":\"Herbow | Herbal Organic World\",\"description\":\"Herbal Organic World\",\"publisher\":{\"@id\":\"https:\\\/\\\/herbow.eu\\\/#organization\"},\"potentialAction\":[{\"@type\":\"SearchAction\",\"target\":{\"@type\":\"EntryPoint\",\"urlTemplate\":\"https:\\\/\\\/herbow.eu\\\/?s={search_term_string}\"},\"query-input\":{\"@type\":\"PropertyValueSpecification\",\"valueRequired\":true,\"valueName\":\"search_term_string\"}}],\"inLanguage\":\"cs\"},{\"@type\":\"Organization\",\"@id\":\"https:\\\/\\\/herbow.eu\\\/#organization\",\"name\":\"Herbow International Zrt.\",\"url\":\"https:\\\/\\\/herbow.eu\\\/\",\"logo\":{\"@type\":\"ImageObject\",\"inLanguage\":\"cs\",\"@id\":\"https:\\\/\\\/herbow.eu\\\/#\\\/schema\\\/logo\\\/image\\\/\",\"url\":\"https:\\\/\\\/herbow.eu\\\/wp-content\\\/uploads\\\/2025\\\/07\\\/herbow_logo_hun_2021-01_w-slogan_no-background.png\",\"contentUrl\":\"https:\\\/\\\/herbow.eu\\\/wp-content\\\/uploads\\\/2025\\\/07\\\/herbow_logo_hun_2021-01_w-slogan_no-background.png\",\"width\":2366,\"height\":1732,\"caption\":\"Herbow International Zrt.\"},\"image\":{\"@id\":\"https:\\\/\\\/herbow.eu\\\/#\\\/schema\\\/logo\\\/image\\\/\"},\"sameAs\":[\"https:\\\/\\\/www.facebook.com\\\/herbowmosodioslabda\\\/\",\"https:\\\/\\\/www.instagram.com\\\/herbowmosodioslabda\\\/\"]}]}<\/script>\n<!-- \/ Yoast SEO plugin. -->","yoast_head_json":{"title":"Herbow Bambino oplachovac\u00ed koncentr\u00e1t bez v\u016fn\u011b a alergen\u016f 200 ml - Herbow | International","description":"D\u00e1msk\u00fd aviv\u00e1\u017en\u00ed prost\u0159edek Herbow Bambino bez v\u016fn\u011b a alergen\u016f poskytuje \u0161etrnou p\u00e9\u010di i pro tu nejcitliv\u011bj\u0161\u00ed poko\u017eku.100% na rostlinn\u00e9 b\u00e1zi dod\u00e1v\u00e1 textili\u00edm jemnost a hebkost na dotek bez v\u016fn\u011b.","robots":{"index":"index","follow":"follow","max-snippet":"max-snippet:-1","max-image-preview":"max-image-preview:large","max-video-preview":"max-video-preview:-1"},"canonical":"https:\/\/herbow.eu\/cs\/product\/herbow-bambino-oblito-concentratum-bez-vune-a-alergenu\/","og_locale":"cs_CZ","og_type":"article","og_title":"Herbow Bambino \u00f6bl\u00edt\u0151 koncentr\u00e1tum illat- \u00e9s allerg\u00e9nmentes 200 ml - Herbow | International","og_description":"A Herbow Bambino Illat- \u00e9s Allerg\u00e9nmentes textil\u00f6bl\u00edt\u0151 k\u00edm\u00e9letes gondoskod\u00e1st ny\u00fajt a leg\u00e9rz\u00e9kenyebb b\u0151r sz\u00e1m\u00e1ra is.100%-ban n\u00f6v\u00e9nyi eredet\u0171 \u00f6sszetev\u0151i puh\u00e1v\u00e1 \u00e9s l\u00e1gy tapint\u00e1s\u00fav\u00e1 var\u00e1zsolj\u00e1k a text\u00edli\u00e1kat illatanyagok n\u00e9lk\u00fcl.","og_url":"https:\/\/herbow.eu\/cs\/product\/herbow-bambino-oblito-concentratum-bez-vune-a-alergenu\/","og_site_name":"Herbow | International","article_publisher":"https:\/\/www.facebook.com\/herbowmosodioslabda\/","article_modified_time":"2026-03-17T09:58:10+00:00","og_image":[{"width":2000,"height":2000,"url":"https:\/\/herbow.eu\/wp-content\/uploads\/2025\/08\/Herbow-bambino_text-oblito_200ml_redesign_front_v2_144x110mm_illat-allergenmentes.png","type":"image\/png"}],"twitter_card":"summary_large_image","twitter_misc":{"Odhadovan\u00e1 doba \u010dten\u00ed":"1 minuta"},"schema":{"@context":"https:\/\/schema.org","@graph":[{"@type":"WebPage","@id":"https:\/\/herbow.eu\/product\/herbow-bambino-oblito-koncentratum-illat-es-allergenmentes\/","url":"https:\/\/herbow.eu\/product\/herbow-bambino-oblito-koncentratum-illat-es-allergenmentes\/","name":"Herbow Bambino oplachovac\u00ed koncentr\u00e1t bez v\u016fn\u011b a alergen\u016f 200 ml - Herbow | International","isPartOf":{"@id":"https:\/\/herbow.eu\/#website"},"primaryImageOfPage":{"@id":"https:\/\/herbow.eu\/product\/herbow-bambino-oblito-koncentratum-illat-es-allergenmentes\/#primaryimage"},"image":{"@id":"https:\/\/herbow.eu\/product\/herbow-bambino-oblito-koncentratum-illat-es-allergenmentes\/#primaryimage"},"thumbnailUrl":"https:\/\/herbow.eu\/wp-content\/uploads\/2025\/08\/Herbow-bambino_text-oblito_200ml_redesign_front_v2_144x110mm_illat-allergenmentes.png","datePublished":"2025-08-18T09:05:58+00:00","dateModified":"2026-03-17T09:58:10+00:00","description":"D\u00e1msk\u00fd aviv\u00e1\u017en\u00ed prost\u0159edek Herbow Bambino bez v\u016fn\u011b a alergen\u016f poskytuje \u0161etrnou p\u00e9\u010di i pro tu nejcitliv\u011bj\u0161\u00ed poko\u017eku.100% na rostlinn\u00e9 b\u00e1zi dod\u00e1v\u00e1 textili\u00edm jemnost a hebkost na dotek bez v\u016fn\u011b.","breadcrumb":{"@id":"https:\/\/herbow.eu\/product\/herbow-bambino-oblito-koncentratum-illat-es-allergenmentes\/#breadcrumb"},"inLanguage":"cs","potentialAction":[{"@type":"ReadAction","target":["https:\/\/herbow.eu\/product\/herbow-bambino-oblito-koncentratum-illat-es-allergenmentes\/"]}]},{"@type":"ImageObject","inLanguage":"cs","@id":"https:\/\/herbow.eu\/product\/herbow-bambino-oblito-koncentratum-illat-es-allergenmentes\/#primaryimage","url":"https:\/\/herbow.eu\/wp-content\/uploads\/2025\/08\/Herbow-bambino_text-oblito_200ml_redesign_front_v2_144x110mm_illat-allergenmentes.png","contentUrl":"https:\/\/herbow.eu\/wp-content\/uploads\/2025\/08\/Herbow-bambino_text-oblito_200ml_redesign_front_v2_144x110mm_illat-allergenmentes.png","width":2000,"height":2000},{"@type":"BreadcrumbList","@id":"https:\/\/herbow.eu\/product\/herbow-bambino-oblito-koncentratum-illat-es-allergenmentes\/#breadcrumb","itemListElement":[{"@type":"ListItem","position":1,"name":"Kezd\u0151lap","item":"https:\/\/herbow.eu\/"},{"@type":"ListItem","position":2,"name":"Shop","item":"https:\/\/herbow.eu\/shop\/"},{"@type":"ListItem","position":3,"name":"Herbow Bambino \u00f6bl\u00edt\u0151 koncentr\u00e1tum illat- \u00e9s allerg\u00e9nmentes 200 ml"}]},{"@type":"WebSite","@id":"https:\/\/herbow.eu\/#website","url":"https:\/\/herbow.eu\/","name":"Herbow | Herbal Organic World","description":"Bylinn\u00fd organick\u00fd sv\u011bt","publisher":{"@id":"https:\/\/herbow.eu\/#organization"},"potentialAction":[{"@type":"SearchAction","target":{"@type":"EntryPoint","urlTemplate":"https:\/\/herbow.eu\/?s={search_term_string}"},"query-input":{"@type":"PropertyValueSpecification","valueRequired":true,"valueName":"search_term_string"}}],"inLanguage":"cs"},{"@type":"Organization","@id":"https:\/\/herbow.eu\/#organization","name":"Herbow International Zrt.","url":"https:\/\/herbow.eu\/","logo":{"@type":"ImageObject","inLanguage":"cs","@id":"https:\/\/herbow.eu\/#\/schema\/logo\/image\/","url":"https:\/\/herbow.eu\/wp-content\/uploads\/2025\/07\/herbow_logo_hun_2021-01_w-slogan_no-background.png","contentUrl":"https:\/\/herbow.eu\/wp-content\/uploads\/2025\/07\/herbow_logo_hun_2021-01_w-slogan_no-background.png","width":2366,"height":1732,"caption":"Herbow International Zrt."},"image":{"@id":"https:\/\/herbow.eu\/#\/schema\/logo\/image\/"},"sameAs":["https:\/\/www.facebook.com\/herbowmosodioslabda\/","https:\/\/www.instagram.com\/herbowmosodioslabda\/"]}]}},"jetpack_likes_enabled":true,"jetpack_sharing_enabled":true,"_links":{"self":[{"href":"https:\/\/herbow.eu\/cs\/wp-json\/wp\/v2\/product\/1036","targetHints":{"allow":["GET"]}}],"collection":[{"href":"https:\/\/herbow.eu\/cs\/wp-json\/wp\/v2\/product"}],"about":[{"href":"https:\/\/herbow.eu\/cs\/wp-json\/wp\/v2\/types\/product"}],"replies":[{"embeddable":true,"href":"https:\/\/herbow.eu\/cs\/wp-json\/wp\/v2\/comments?post=1036"}],"wp:featuredmedia":[{"embeddable":true,"href":"https:\/\/herbow.eu\/cs\/wp-json\/wp\/v2\/media\/901"}],"wp:attachment":[{"href":"https:\/\/herbow.eu\/cs\/wp-json\/wp\/v2\/media?parent=1036"}],"wp:term":[{"taxonomy":"product_brand","embeddable":true,"href":"https:\/\/herbow.eu\/cs\/wp-json\/wp\/v2\/product_brand?post=1036"},{"taxonomy":"product_cat","embeddable":true,"href":"https:\/\/herbow.eu\/cs\/wp-json\/wp\/v2\/product_cat?post=1036"},{"taxonomy":"product_tag","embeddable":true,"href":"https:\/\/herbow.eu\/cs\/wp-json\/wp\/v2\/product_tag?post=1036"}],"curies":[{"name":"wp","href":"https:\/\/api.w.org\/{rel}","templated":true}]}}